{"id":2,"date":"2012-06-14T02:06:59","date_gmt":"2012-06-14T02:06:59","guid":{"rendered":"http:\/\/confederacionhipicadelcaribe.org\/?page_id=2"},"modified":"2025-03-16T00:28:14","modified_gmt":"2025-03-16T00:28:14","slug":"sample-page","status":"publish","type":"page","link":"https:\/\/confederacionhipicadelcaribe.org\/?page_id=2","title":{"rendered":"|   Sal\u00f3n de la Fama   |"},"content":{"rendered":"<p>\u00a0<\/p>\n<p style=\"text-align: center;\"><span style=\"color: #003a4a;\"><strong>MIEMBROS DEL SAL\u00d3N DE LA FAMA<br \/>DE LA CONFEDERACI\u00d3N H\u00cdPICA DEL CARIBE<\/strong><\/span><\/p>\n<p style=\"text-align: justify;\">Explicaci\u00f3n del significado, las categor\u00edas: <em>Due\u00f1os, Jinetes, Entrenadores, Criadores, Propulsores\u00a0y Ejemplares<\/em>. En las categor\u00edas antes mencionadas, todos\u00a0los nominados tienen que haber tenido una destacada actuaci\u00f3n en los eventos caribe\u00f1os. En la categor\u00eda de <em>Propulsor<\/em>, los nominados tienen que\u00a0haber aportado al engrandecimiento de los eventos caribe\u00f1os y\/o laborado\u00a0en pro de la Confederaci\u00f3n H\u00edpica del Caribe.<\/p>\n<p style=\"text-align: center;\"><strong>CUADRO DE HONOR<\/strong><\/p>\n<table width=\"658\">\n<tbody>\n<tr>\n<td width=\"99\"><strong>A\u00f1o<\/strong><\/td>\n<td width=\"244\"><strong>Miembro<\/strong><\/td>\n<td width=\"156\"><strong>Pa\u00eds<\/strong><\/td>\n<td width=\"159\"><strong>Rengl\u00f3n<\/strong><\/td>\n<\/tr>\n<tr>\n<td width=\"99\">2002<\/td>\n<td width=\"244\"><a href=\"#noguera\">Domingo Noguera Mora<\/a><\/td>\n<td width=\"156\">Venezuela<\/td>\n<td width=\"159\">Entrenador<\/td>\n<\/tr>\n<tr>\n<td width=\"99\">2002<\/td>\n<td width=\"244\"><a href=\"#paz\">Alberto Paz Rodr\u00edguez<\/a><\/td>\n<td width=\"156\">Panam\u00e1<\/td>\n<td width=\"159\">Entrenador<\/td>\n<\/tr>\n<tr>\n<td width=\"99\">2002<\/td>\n<td width=\"244\"><a href=\"#victoreado\">Victoreado<\/a><\/td>\n<td width=\"156\">Venezuela<\/td>\n<td width=\"159\">Ejemplar<\/td>\n<\/tr>\n<tr>\n<td width=\"99\">2002<\/td>\n<td width=\"244\"><a href=\"#versetsjet\">Verset&#8217;s Jet<\/a><\/td>\n<td width=\"156\">Puerto Rico<\/td>\n<td width=\"159\">Ejemplar<\/td>\n<\/tr>\n<tr>\n<td width=\"99\">2002<\/td>\n<td width=\"244\"><a href=\"#fernandoeleta\">Fernando Eleta Almar\u00e1n<\/a><\/td>\n<td width=\"156\">Panam\u00e1<\/td>\n<td width=\"159\">Propulsor<\/td>\n<\/tr>\n<tr>\n<td width=\"99\">2002<\/td>\n<td width=\"244\"><a href=\"#ledesma\">Manuel Ledezma<\/a><\/td>\n<td width=\"156\">Venezuela<\/td>\n<td width=\"159\">Propulsor<\/td>\n<\/tr>\n<tr>\n<td width=\"99\">2002<\/td>\n<td width=\"244\"><a href=\"#deschamps\">Eugenio Deschamps<\/a><\/td>\n<td width=\"156\">Rep\u00fablica Dominicana<\/td>\n<td width=\"159\">Propulsor<\/td>\n<\/tr>\n<tr>\n<td width=\"99\">2002<\/td>\n<td width=\"244\"><a href=\"#cozier\">John Derel Cozier<\/a><\/td>\n<td width=\"156\">Trinidad y Tobago<\/td>\n<td width=\"159\">Propulsor<\/td>\n<\/tr>\n<tr>\n<td width=\"99\">2002<\/td>\n<td width=\"244\"><a href=\"#archilla\">Luis Archilla Laugier<\/a><\/td>\n<td width=\"156\">Puerto Rico<\/td>\n<td width=\"159\">Propulsor<\/td>\n<\/tr>\n<tr>\n<td width=\"99\">2004<\/td>\n<td width=\"244\"><a href=\"#tovar\">J.V. Tovar<\/a><\/td>\n<td width=\"156\">Venezuela<\/td>\n<td width=\"159\">Jinete<\/td>\n<\/tr>\n<tr>\n<td width=\"99\">2004<\/td>\n<td width=\"244\"><a href=\"#cornelio\">Cornelio Vel\u00e1squez<\/a><\/td>\n<td width=\"156\">Panam\u00e1<\/td>\n<td width=\"159\">Jinete<\/td>\n<\/tr>\n<tr>\n<td width=\"99\">2004<\/td>\n<td width=\"244\"><a href=\"#versetsdancer\">Verset&#8217;s Dancer<\/a><\/td>\n<td width=\"156\">Puerto Rico<\/td>\n<td width=\"159\">Ejemplar<\/td>\n<\/tr>\n<tr>\n<td width=\"99\">2004<\/td>\n<td width=\"244\"><a href=\"#myownbusiness\">My Own Business<\/a><\/td>\n<td width=\"156\">Venezuela<\/td>\n<td width=\"159\">Ejemplar<\/td>\n<\/tr>\n<tr>\n<td width=\"99\">2004<\/td>\n<td width=\"244\"><a href=\"#llobert\">Ram\u00f3n Llobert Jr.<\/a><\/td>\n<td width=\"156\">Puerto Rico<\/td>\n<td width=\"159\">Propulsor<\/td>\n<\/tr>\n<tr>\n<td width=\"99\">2004<\/td>\n<td width=\"244\"><a href=\"#rosario\">Luis\u00edn Rosario<\/a><\/td>\n<td width=\"156\">Puerto Rico<\/td>\n<td width=\"159\">Propulsor<\/td>\n<\/tr>\n<tr>\n<td width=\"99\">2004<\/td>\n<td width=\"244\"><a href=\"#justo\">Justo F. Fern\u00e1ndez<\/a><\/td>\n<td width=\"156\">M\u00e9xico<\/td>\n<td width=\"159\">Propulsor<\/td>\n<\/tr>\n<tr>\n<td width=\"99\">2004<\/td>\n<td width=\"244\"><a href=\"#muller\">Lionel Muller<\/a><\/td>\n<td width=\"156\">Puerto Rico<\/td>\n<td width=\"159\">Propulsor<\/td>\n<\/tr>\n<tr>\n<td width=\"99\">2006<\/td>\n<td width=\"244\"><a href=\"#zepeda\">Alberto Zepeda<\/a><\/td>\n<td width=\"156\">M\u00e9xico<\/td>\n<td width=\"159\">Jinete<\/td>\n<\/tr>\n<tr>\n<td width=\"99\">2006<\/td>\n<td width=\"244\"><a href=\"#valiente\">Douglas Valiente<\/a><\/td>\n<td width=\"156\">Venezuela<\/td>\n<td width=\"159\">Jinete<\/td>\n<\/tr>\n<tr>\n<td width=\"99\">2006<\/td>\n<td width=\"244\"><a href=\"#pincay\">Laffit Pincay Jr.<\/a><\/td>\n<td width=\"156\">Panam\u00e1<\/td>\n<td width=\"159\">Jinete<\/td>\n<\/tr>\n<tr>\n<td width=\"99\">2006<\/td>\n<td width=\"244\"><a href=\"#arango\">Roberto Arango<\/a><\/td>\n<td width=\"156\">Panam\u00e1<\/td>\n<td width=\"159\">Entrenador<\/td>\n<\/tr>\n<tr>\n<td width=\"99\">2006<\/td>\n<td width=\"244\"><a href=\"#carloseleta\">Carlos y Raquel Eleta<\/a><\/td>\n<td width=\"156\">Panam\u00e1<\/td>\n<td width=\"159\">Criador<\/td>\n<\/tr>\n<tr>\n<td width=\"99\">2006<\/td>\n<td width=\"244\"><a href=\"#cano\">Ra\u00fal Cano Faro<\/a><\/td>\n<td width=\"156\">M\u00e9xico<\/td>\n<td width=\"159\">Criador<\/td>\n<\/tr>\n<tr>\n<td width=\"99\">2006<\/td>\n<td width=\"244\"><a href=\"#pikotazo\">Pikotazo<\/a><\/td>\n<td width=\"156\">M\u00e9xico<\/td>\n<td width=\"159\">Ejemplar<\/td>\n<\/tr>\n<tr>\n<td width=\"99\">2006<\/td>\n<td width=\"244\"><a href=\"#ubarri\">Enrique Ubarri Blanes<\/a><\/td>\n<td width=\"156\">Puerto Rico<\/td>\n<td width=\"159\">Propulsor<\/td>\n<\/tr>\n<tr>\n<td width=\"99\">2006<\/td>\n<td width=\"244\"><a href=\"#fraino\">Alberto Fra\u00edno<\/a><\/td>\n<td width=\"156\">Venezuela<\/td>\n<td width=\"159\">Propulsor<\/td>\n<\/tr>\n<tr>\n<td width=\"99\">2006<\/td>\n<td width=\"244\"><a href=\"#josean\">Jos\u00e9 Fern\u00e1ndez Polo<\/a><\/td>\n<td width=\"156\">Puerto Rico<\/td>\n<td width=\"159\">Propulsor<\/td>\n<\/tr>\n<tr>\n<td width=\"99\">2008<\/td>\n<td width=\"244\"><a href=\"#codik\">Manfred Codik<\/a><\/td>\n<td width=\"156\">Rep\u00fablica Dominicana<\/td>\n<td width=\"159\">Propulsor<\/td>\n<\/tr>\n<tr>\n<td width=\"99\">2008<\/td>\n<td width=\"244\"><a href=\"#carbonell\">Celestino Carbonell<\/a><\/td>\n<td width=\"156\">Panam\u00e1<\/td>\n<td width=\"159\">Due\u00f1o<\/td>\n<\/tr>\n<tr>\n<td width=\"99\">2008<\/td>\n<td width=\"244\"><a href=\"#avila\">Gustavo Avila<\/a><\/td>\n<td width=\"156\">Venezuela<\/td>\n<td width=\"159\">Jinete<\/td>\n<\/tr>\n<tr>\n<td width=\"99\">2008<\/td>\n<td width=\"244\"><a href=\"#homeister\">Rosemary Homeister Jr.<\/a><\/td>\n<td width=\"156\">Estados Unidos<\/td>\n<td width=\"159\">Jinete<\/td>\n<\/tr>\n<tr>\n<td width=\"99\">2008<\/td>\n<td width=\"244\"><a href=\"#felix\">F\u00e9lix Rodr\u00edguez Jr.<\/a><\/td>\n<td width=\"156\">Panam\u00e1<\/td>\n<td width=\"159\">Entrenador<\/td>\n<\/tr>\n<tr>\n<td width=\"99\">2008<\/td>\n<td width=\"244\"><a href=\"#parkhurst\">Wilburt y Patricia Parkhurst<\/a><\/td>\n<td width=\"156\">Puerto Rico<\/td>\n<td width=\"159\">Criador<\/td>\n<\/tr>\n<tr>\n<td width=\"99\">2008<\/td>\n<td width=\"244\"><a href=\"#leonardo\">Leonardo<\/a><\/td>\n<td width=\"156\">Panam\u00e1<\/td>\n<td width=\"159\">Ejemplar<\/td>\n<\/tr>\n<tr>\n<td width=\"99\">2010<\/td>\n<td width=\"244\"><a href=\"#albarran\">Hugo Albarr\u00e1n<\/a><\/td>\n<td width=\"156\">Venezuela<\/td>\n<td width=\"159\">Due\u00f1o<\/td>\n<\/tr>\n<tr>\n<td width=\"99\">2010<\/td>\n<td width=\"244\"><a href=\"#jaramillo\">Emisael Jaramillo<\/a><\/td>\n<td width=\"156\">Venezuela<\/td>\n<td width=\"159\">Jinete<\/td>\n<\/tr>\n<tr>\n<td width=\"99\">2010<\/td>\n<td width=\"244\"><a href=\"#rafy\">Rafael Fern\u00e1ndez Prado<\/a><\/td>\n<td width=\"156\">Panam\u00e1<\/td>\n<td width=\"159\">Entrenador<\/td>\n<\/tr>\n<tr>\n<td width=\"99\">2010<\/td>\n<td width=\"244\"><a href=\"#bellardi\">Antonio Bellardi<\/a><\/td>\n<td width=\"156\">Venezuela<\/td>\n<td width=\"159\">Entrenador<\/td>\n<\/tr>\n<tr>\n<td width=\"99\">2010<\/td>\n<td width=\"244\"><a href=\"#delgado\">Gustavo Delgado<\/a><\/td>\n<td width=\"156\">Venezuela<\/td>\n<td width=\"159\">Entrenador<\/td>\n<\/tr>\n<tr>\n<td width=\"99\">2010<\/td>\n<td width=\"244\"><a href=\"#sicotico\">Sic\u00f3tico<\/a><\/td>\n<td width=\"156\">Rep\u00fablica Dominicana<\/td>\n<td width=\"159\">Ejemplar<\/td>\n<\/tr>\n<tr>\n<td width=\"99\">2010<\/td>\n<td width=\"244\"><a href=\"#fuentes\">Alejandro Fuentes Fern\u00e1ndez<\/a><\/td>\n<td width=\"156\">Puerto Rico<\/td>\n<td width=\"159\">Propulsor<\/td>\n<\/tr>\n<tr>\n<td width=\"99\">2012<\/td>\n<td width=\"244\"><a href=\"#achar\">V\u00edctor Achar Tussi\u00e9<\/a><\/td>\n<td width=\"156\">M\u00e9xico<\/td>\n<td width=\"159\">Criador<\/td>\n<\/tr>\n<tr>\n<td width=\"99\">2012<\/td>\n<td width=\"244\"><a href=\"#azar\">Mauricio Azar<\/a><\/td>\n<td width=\"156\">Venezuela<\/td>\n<td width=\"159\">Criador<\/td>\n<\/tr>\n<tr>\n<td width=\"99\">2012<\/td>\n<td width=\"244\"><a href=\"#saiden\">Am\u00edn Saiden<\/a><\/td>\n<td width=\"156\">Venezuela<\/td>\n<td width=\"159\">Criador<\/td>\n<\/tr>\n<tr>\n<td width=\"99\">2012<\/td>\n<td width=\"244\"><a href=\"#tejada\">V\u00edctor Tejada<\/a><\/td>\n<td width=\"156\">Panam\u00e1<\/td>\n<td width=\"159\">Jinete<\/td>\n<\/tr>\n<tr>\n<td width=\"99\">2012<\/td>\n<td width=\"244\"><a href=\"#razo\">Eusebio Razo Beltr\u00e1n<\/a><\/td>\n<td width=\"156\">M\u00e9xico<\/td>\n<td width=\"159\">Entrenador<\/td>\n<\/tr>\n<tr>\n<td width=\"99\">2012<\/td>\n<td width=\"244\"><a href=\"#soyconquistador\">Soy Conquistador<\/a><\/td>\n<td width=\"156\">Puerto Rico<\/td>\n<td width=\"159\">Ejemplar<\/td>\n<\/tr>\n<tr>\n<td width=\"99\">2012<\/td>\n<td width=\"244\"><a href=\"#proudtruth\">Proud Truth<\/a><\/td>\n<td width=\"156\">Panam\u00e1<\/td>\n<td width=\"159\">Semental<\/td>\n<\/tr>\n<tr>\n<td width=\"99\">2012<\/td>\n<td width=\"244\"><a href=\"#waterpoet\">Water Poet<\/a><\/td>\n<td width=\"156\">Venezuela<\/td>\n<td width=\"159\">Semental<\/td>\n<\/tr>\n<tr>\n<td width=\"99\">2014<\/td>\n<td width=\"244\"><a href=\"https:\/\/www.youtube.com\/watch?v=39t4Fm5x0s8\">Ricardo Cardoze<\/a><\/td>\n<td width=\"156\">Panam\u00e1<\/td>\n<td width=\"159\">Due\u00f1o<\/td>\n<\/tr>\n<tr>\n<td width=\"99\">2014<\/td>\n<td width=\"244\"><a href=\"https:\/\/www.youtube.com\/watch?v=XAVAeaE2KV8\">\u00c1ngel Alciro Castillo<\/a><\/td>\n<td width=\"156\">Venezuela<\/td>\n<td width=\"159\">Jinete<\/td>\n<\/tr>\n<tr>\n<td width=\"99\">2014<\/td>\n<td width=\"244\"><a href=\"https:\/\/www.youtube.com\/watch?v=jVvoeAJMVtE\">Juan Carlos \u00c1vila<\/a><\/td>\n<td width=\"156\">Venezuela<\/td>\n<td width=\"159\">Entrenador<\/td>\n<\/tr>\n<tr>\n<td width=\"99\">2014<\/td>\n<td width=\"244\"><a href=\"https:\/\/www.youtube.com\/watch?v=q1xDcF1LEAM\">Manuel Santini<\/a><\/td>\n<td width=\"156\">M\u00e9xico<\/td>\n<td width=\"159\">Criador<\/td>\n<\/tr>\n<tr>\n<td width=\"99\">2014<\/td>\n<td width=\"244\"><a href=\"https:\/\/www.youtube.com\/watch?v=q1xDcF1LEAM\">Marco Guti\u00e9rrez<\/a><\/td>\n<td width=\"156\">M\u00e9xico<\/td>\n<td width=\"159\">Criador<\/td>\n<\/tr>\n<tr>\n<td width=\"99\">2014<\/td>\n<td width=\"244\"><a href=\"https:\/\/www.youtube.com\/watch?v=RpcpVTh3ioQ\">Evaristo<\/a><\/td>\n<td width=\"156\">Panam\u00e1<\/td>\n<td width=\"159\">Ejemplar<\/td>\n<\/tr>\n<tr>\n<td width=\"99\">2014<\/td>\n<td width=\"244\"><a href=\"https:\/\/www.youtube.com\/watch?v=k6cbjEILOA0\">Vuelve Candy B<\/a><\/td>\n<td width=\"156\">Puerto Rico<\/td>\n<td width=\"159\">Ejemplar<\/td>\n<\/tr>\n<tr>\n<td width=\"99\">2014<\/td>\n<td width=\"244\"><a href=\"https:\/\/www.youtube.com\/watch?v=VEMKmCXxc_A\">Jos\u00e9 Zaj\u00eda<\/a><\/td>\n<td width=\"156\">Venezuela<\/td>\n<td width=\"159\">Propulsor<\/td>\n<\/tr>\n<tr>\n<td width=\"99\">2014<\/td>\n<td width=\"244\"><a href=\"https:\/\/www.youtube.com\/watch?v=mKiziG-MAPI\">Oscar Centeno Lusinchi<\/a><\/td>\n<td width=\"156\">Venezuela<\/td>\n<td width=\"159\">Propulsor<\/td>\n<\/tr>\n<tr>\n<td width=\"99\">2014<\/td>\n<td width=\"244\"><a href=\"https:\/\/www.youtube.com\/watch?v=n1MX-mtCIA8\">Virgilio Dec\u00e1n<\/a><\/td>\n<td width=\"156\">Venezuela<\/td>\n<td width=\"159\">Medios<\/td>\n<\/tr>\n<tr>\n<td width=\"99\">2014<\/td>\n<td width=\"244\"><a href=\"https:\/\/www.youtube.com\/watch?v=sPJvZDPLR_Y\">Screen King<\/a><\/td>\n<td width=\"156\">Panam\u00e1<\/td>\n<td width=\"159\">Semental<\/td>\n<\/tr>\n<tr>\n<td width=\"99\">2016<\/td>\n<td width=\"244\"><a href=\"https:\/\/www.youtube.com\/watch?v=wiuFEmjnTWQ\">Luis Shirley<\/a><\/td>\n<td width=\"156\">Panam\u00e1<\/td>\n<td width=\"159\">Due\u00f1o<\/td>\n<\/tr>\n<tr>\n<td width=\"99\">2016<\/td>\n<td width=\"244\"><a href=\"https:\/\/www.youtube.com\/watch?v=gcIvbLWVV7s\">Eduardo Delgado San Miguel<\/a><\/td>\n<td width=\"156\">Puerto Rico<\/td>\n<td width=\"159\">Due\u00f1o<\/td>\n<\/tr>\n<tr>\n<td width=\"99\">2016<\/td>\n<td width=\"244\"><a href=\"https:\/\/www.youtube.com\/watch?v=raKpC8Bhwic\">Luis Archilla D\u00edaz<\/a><\/td>\n<td width=\"156\">Puerto Rico<\/td>\n<td width=\"159\">Due\u00f1o<\/td>\n<\/tr>\n<tr>\n<td width=\"99\">2016<\/td>\n<td width=\"244\"><a href=\"https:\/\/www.youtube.com\/watch?v=sWoMKPgpl-k\">Sammy Garc\u00eda<\/a><\/td>\n<td width=\"156\">Puerto Rico<\/td>\n<td width=\"159\">Entrenador<\/td>\n<\/tr>\n<tr>\n<td width=\"99\">2016<\/td>\n<td width=\"244\"><a href=\"https:\/\/www.youtube.com\/watch?v=AKz-mEdQUyo\">C\u00e9sar Cachazo<\/a><\/td>\n<td width=\"156\">Venezuela<\/td>\n<td width=\"159\">Entrenador<\/td>\n<\/tr>\n<tr>\n<td width=\"99\">2016<\/td>\n<td width=\"244\"><a href=\"https:\/\/www.youtube.com\/watch?v=qUzIwy4xe8c\">Orlando Rafael Mart\u00ednez<\/a><\/td>\n<td width=\"156\">Venezuela<\/td>\n<td width=\"159\">Criador<\/td>\n<\/tr>\n<tr>\n<td width=\"99\">2016<\/td>\n<td width=\"244\"><a href=\"https:\/\/www.youtube.com\/watch?v=tpHOqy2eFqQ\">Barremina<\/a><\/td>\n<td width=\"156\">Panam\u00e1<\/td>\n<td width=\"159\">Ejemplar<\/td>\n<\/tr>\n<tr>\n<td width=\"99\">2016<\/td>\n<td width=\"244\"><a href=\"https:\/\/www.youtube.com\/watch?v=Y1fiTS9W7i4\">Bambera<\/a><\/td>\n<td width=\"156\">Venezuela<\/td>\n<td width=\"159\">Ejemplar<\/td>\n<\/tr>\n<tr>\n<td width=\"99\">2016<\/td>\n<td width=\"244\"><a href=\"https:\/\/www.youtube.com\/watch?v=heRMi_sLpmQ\">Santiago Salem Kronfle<\/a><\/td>\n<td width=\"156\">Ecuador<\/td>\n<td width=\"159\">Propulsor<\/td>\n<\/tr>\n<tr>\n<td>2018<\/td>\n<td><a href=\"https:\/\/youtu.be\/h9aEJo4PHCY?feature=shared\" target=\"_blank\" rel=\"noopener\">Irad Ortiz Jr.\u00a0<\/a><\/td>\n<td width=\"156\">Puerto Rico<\/td>\n<td width=\"159\">Jinete<\/td>\n<\/tr>\n<tr>\n<td>2018<\/td>\n<td><a href=\"https:\/\/youtu.be\/hAVjJEkYYH4?feature=shared\" target=\"_blank\" rel=\"noopener\">Julio Henrique Ayala Coronil<\/a><\/td>\n<td width=\"156\">Venezuela<\/td>\n<td width=\"159\">Entrenador<\/td>\n<\/tr>\n<tr>\n<td>2018<\/td>\n<td><a href=\"https:\/\/youtu.be\/HzjmRjO-Fk0?feature=shared\" target=\"_blank\" rel=\"noopener\">Fausto Guti\u00e9rrez Ariezo\u00a0<\/a><\/td>\n<td width=\"156\">M\u00e9xico<\/td>\n<td width=\"159\">Entrenador<\/td>\n<\/tr>\n<tr>\n<td>2018<\/td>\n<td><a href=\"https:\/\/youtu.be\/_uMKP92hDvM?feature=shared\" target=\"_blank\" rel=\"noopener\">Rafael Matos Ort\u00edz\u00a0<\/a><\/td>\n<td>Puerto Rico<\/td>\n<td width=\"159\">Due\u00f1o<\/td>\n<\/tr>\n<tr>\n<td>2018<\/td>\n<td><a href=\"https:\/\/www.youtube.com\/watch?v=HU9f57ZLGYA\" target=\"_blank\" rel=\"noopener\">Claudio \u00c1lvarez Ruiz y Lu\u00eds Gerardo Ruiz<\/a><\/td>\n<td>M\u00e9xico<\/td>\n<td width=\"159\">Propulsor<\/td>\n<\/tr>\n<tr>\n<td>2018<\/td>\n<td>Germ\u00e1n Larrea<\/td>\n<td>M\u00e9xico<\/td>\n<td width=\"159\">Propulsor<\/td>\n<\/tr>\n<tr>\n<td>2018<\/td>\n<td><a href=\"https:\/\/youtu.be\/HN9nFZjhwLw?feature=shared\" target=\"_blank\" rel=\"noopener\">Concerto<\/a><\/td>\n<td>Panam\u00e1<\/td>\n<td width=\"159\">Semental<\/td>\n<\/tr>\n<tr>\n<td>2018<\/td>\n<td><a href=\"https:\/\/youtu.be\/1yuP_EU5hmU?feature=shared\" target=\"_blank\" rel=\"noopener\">Salustio<\/a><\/td>\n<td>Panam\u00e1<\/td>\n<td width=\"159\">Ejemplar<\/td>\n<\/tr>\n<tr>\n<td>2018<\/td>\n<td><a href=\"https:\/\/youtu.be\/QEC4AM9yGxQ?feature=shared\" target=\"_blank\" rel=\"noopener\">Water Jet<\/a><\/td>\n<td>Venezuela<\/td>\n<td width=\"159\">Ejemplar<\/td>\n<\/tr>\n<tr>\n<td>2022<\/td>\n<td>Mar\u00eda Esperanza Miglietti Torrealba<\/td>\n<td>Venezuela<\/td>\n<td width=\"159\">Criador<\/td>\n<\/tr>\n<tr>\n<td>2022<\/td>\n<td>Augusto Samuel Boyd Paredes<\/td>\n<td>Panam\u00e1<\/td>\n<td width=\"159\">Due\u00f1o<\/td>\n<\/tr>\n<tr>\n<td>2022<\/td>\n<td>Joel Rosario<\/td>\n<td>Rep\u00fablica Dominicana<\/td>\n<td width=\"159\">Jinete<\/td>\n<\/tr>\n<tr>\n<td>2022<\/td>\n<td>Gaspar Rivera Torres<\/td>\n<td>M\u00e9xico<\/td>\n<td width=\"159\">Due\u00f1o<\/td>\n<\/tr>\n<tr>\n<td>2022<\/td>\n<td>Arquitecto<\/td>\n<td>Puerto Rico<\/td>\n<td>Ejemplar<\/td>\n<\/tr>\n<tr>\n<td>2022<\/td>\n<td>Se\u00f1orita<\/td>\n<td>Ecuador<\/td>\n<td>Ejemplar<\/td>\n<\/tr>\n<tr>\n<td>2022<\/td>\n<td>Point Determined<\/td>\n<td>M\u00e9xico<\/td>\n<td>Semental<\/td>\n<\/tr>\n<\/tbody>\n<\/table>\n<p align=\"center\">\u00a0<\/p>\n<p align=\"center\">\u00a0<\/p>\n<p align=\"center\"><strong>PERFILES<\/strong><\/p>\n<p align=\"center\"><strong>&#8211;\u00a0<strong>EXALTADOS<\/strong> 2002 &#8211;<br \/><\/strong><\/p>\n<p><a id=\"fernandoeleta\" name=\"fernandoeleta\"><\/a><\/p>\n<hr align=\"left\" width=\"700\" \/>\n<p style=\"text-align: left;\" align=\"center\"><strong><a href=\"http:\/\/confederacionhipicadelcaribe.org\/wp-content\/uploads\/2012\/06\/fernando1.jpg\"><img loading=\"lazy\" decoding=\"async\" class=\"size-full wp-image-421 alignleft\" title=\"fernando\" src=\"http:\/\/confederacionhipicadelcaribe.org\/wp-content\/uploads\/2012\/06\/fernando1.jpg\" alt=\"\" width=\"118\" height=\"115\" \/><\/a>Fernando Eleta Almar\u00e1n<\/strong> <em>(Panam\u00e1)<\/em><\/p>\n<p style=\"text-align: justify;\">Su nombre es sin\u00f3nimo a hipismo caribe\u00f1o.\u00a0 Por diecis\u00e9is a\u00f1os ejerci\u00f3 el cargo de Presidente la Confederaci\u00f3n H\u00edpica del Caribe, m\u00e1ximo en la historia.\u00a0 Como criador ha conquistado la friolera de 14 eventos caribe\u00f1os.\u00a0 Junto a su hermano Carlos, gan\u00f3 el Cl\u00e1sico del Caribe con Montecarlo (1973) y Barreminas (1974); y junto a su esposa Graciela, como due\u00f1os del Haras Cerro Punta, cri\u00f3 a Pan de los Pobres (1989), Leonardo (1992), Angelical (1996), Cortisol (1999), Spago (2004) y Ay Pap\u00e1 (2006).\u00a0 Tambi\u00e9n conquist\u00f3 la Copa Confraternidad con By Pass (1992), Patricio (1993), Man on the Moon (1996) y Steffany\u00b4s (1998).\u00a0 Adem\u00e1s cri\u00f3 a Batistuta, ganadora de la Copa Dama del Caribe en el 2002 y a Yeka I, victoriosa en la Copa Dama del Caribe del 2008.\u00a0 \u00a0\u00a0Otro de los logros de don Fernando fue hacer las gestiones con la firma Malboro para que auspiciaran la carrera con $100,000, aumentando el premio del Cl\u00e1sico de Caribe a $255,000.<\/p>\n<p>Muy dif\u00edcil que alguien iguale la exitosa trayectoria de este inmortal caribe\u00f1o.<\/p>\n<p style=\"text-align: right;\"><strong><em><a href=\"#top\">[subir]<\/a><\/em><\/strong><\/p>\n<p><a id=\"noguera\" name=\"noguera\"><\/a><\/p>\n<hr align=\"left\" width=\"700\" \/>\n<p style=\"text-align: left;\" align=\"center\"><strong><a href=\"http:\/\/confederacionhipicadelcaribe.org\/wp-content\/uploads\/2012\/06\/domingo.jpg\"><img loading=\"lazy\" decoding=\"async\" class=\"alignleft size-full wp-image-422\" title=\"domingo\" src=\"http:\/\/confederacionhipicadelcaribe.org\/wp-content\/uploads\/2012\/06\/domingo.jpg\" alt=\"\" width=\"85\" height=\"114\" \/><\/a>Domingo Noguera Mora<\/strong> <em>(Venezuela)<\/em><\/p>\n<p style=\"text-align: justify;\">Exitoso entrenador venezolano, conquist\u00f3 el primer Cl\u00e1sico del Caribe con Victoreado.\u00a0 En sus cuatro participaciones en el Derby Caribe\u00f1o, siempre estuvo en el dinero; quinto con Piment\u00f3n (1968), cuarto con Arrecife (1969) y quinto con Guasipati (1975).<\/p>\n<p style=\"text-align: right;\"><strong><em><a href=\"#top\">[subir]<\/a><\/em><\/strong><\/p>\n<p><a id=\"ledesma\" name=\"ledesma\"><\/a><\/p>\n<hr align=\"left\" width=\"700\" \/>\n<p style=\"text-align: left;\" align=\"center\"><strong><a href=\"http:\/\/confederacionhipicadelcaribe.org\/wp-content\/uploads\/2012\/06\/manuel.jpg\"><img loading=\"lazy\" decoding=\"async\" class=\"alignleft size-full wp-image-423\" title=\"manuel\" src=\"http:\/\/confederacionhipicadelcaribe.org\/wp-content\/uploads\/2012\/06\/manuel.jpg\" alt=\"\" width=\"75\" height=\"114\" \/><\/a>Manuel Ledesma<\/strong> <em>(Venezuela)<\/em><\/p>\n<p style=\"text-align: justify;\">Incansable colaborador y delegado de Venezuela en la Confederaci\u00f3n H\u00edpica del Caribe.\u00a0 Jug\u00f3 un papel importante en los inicios del Cl\u00e1sico del Caribe.<\/p>\n<p style=\"text-align: right;\"><strong><em><a href=\"#top\">[subir]<\/a><\/em><\/strong><\/p>\n<p><a id=\"deschamps\" name=\"deschamps\"><\/a><\/p>\n<hr align=\"left\" width=\"700\" \/>\n<p style=\"text-align: left;\" align=\"center\"><strong><a href=\"http:\/\/confederacionhipicadelcaribe.org\/wp-content\/uploads\/2012\/06\/eugenio1.jpg\"><img loading=\"lazy\" decoding=\"async\" class=\"alignleft size-full wp-image-427\" title=\"eugenio\" src=\"http:\/\/confederacionhipicadelcaribe.org\/wp-content\/uploads\/2012\/06\/eugenio1.jpg\" alt=\"\" width=\"111\" height=\"114\" \/><\/a>Eugenio Deschamps<\/strong> <em>(Rep\u00fablica Dominicana)<\/em><\/p>\n<p style=\"text-align: justify;\">Uno de los m\u00e1ximos colaboradores de la Confederaci\u00f3n H\u00edpica del Caribe.\u00a0 Delegado de la Rep\u00fablica Dominicana por muchos a\u00f1os, siempre defendi\u00f3 lo que entend\u00eda era correcto y por su comportamiento se gan\u00f3 el respeto de sus compa\u00f1eros.\u00a0 En el a\u00f1o 2008, ensill\u00f3 al primer ganador de la Rep\u00fablica Dominicana en el Cl\u00e1sico del Caribe, Sic\u00f3tico.<\/p>\n<p style=\"text-align: right;\"><strong><em><a href=\"#top\">[subir]<\/a><\/em><\/strong><\/p>\n<p><a id=\"paz\" name=\"paz\"><\/a><\/p>\n<hr align=\"left\" width=\"700\" \/>\n<p style=\"text-align: left;\" align=\"center\">\u00a0<strong><a href=\"http:\/\/confederacionhipicadelcaribe.org\/wp-content\/uploads\/2012\/06\/alberto1.jpg\"><img loading=\"lazy\" decoding=\"async\" class=\"alignleft size-full wp-image-503\" title=\"alberto\" src=\"http:\/\/confederacionhipicadelcaribe.org\/wp-content\/uploads\/2012\/06\/alberto1.jpg\" alt=\"\" width=\"135\" height=\"115\" \/><\/a>Alberto Paz Rodr\u00edguez<\/strong> <em>(Panam\u00e1)<\/em><\/p>\n<p style=\"text-align: justify;\">El legendario Paz Rodr\u00edguez tiene seis triunfos en eventos caribe\u00f1os que se dividen de la siguiente forma: el Cl\u00e1sico del Caribe con Barremina (1974) y Leonardo (1992); la Copa Confraternidad con By Pass (1992), Patricio (1993) y Steffany\u00b4s (1998); y la Copa Velocidad con Batistuta (2002).\u00a0 En el 2006 se convirti\u00f3 en el primer entrenador de la cuenca caribe\u00f1a en ganar 5,000 carreras.<\/p>\n<p style=\"text-align: right;\"><strong><em><a href=\"#top\">[subir]<\/a><\/em><\/strong><\/p>\n<p><a id=\"cozier\" name=\"cozier\"><\/a><\/p>\n<hr align=\"left\" width=\"700\" \/>\n<p style=\"text-align: left;\" align=\"center\">\u00a0<strong><a href=\"http:\/\/confederacionhipicadelcaribe.org\/wp-content\/uploads\/2012\/06\/john.jpg\"><img loading=\"lazy\" decoding=\"async\" class=\"alignleft size-full wp-image-429\" title=\"john\" src=\"http:\/\/confederacionhipicadelcaribe.org\/wp-content\/uploads\/2012\/06\/john.jpg\" alt=\"\" width=\"94\" height=\"115\" \/><\/a>John Derek Cozier<\/strong> <em>(Trinidad Tobago)<\/em><\/p>\n<p style=\"text-align: justify;\">Entusiasta deportista, historiador y mejor colaborador, por muchos a\u00f1os fungi\u00f3 como delegado por Trinidad Tobago en la Confederaci\u00f3n H\u00edpica del Caribe.\u00a0 En el 1998 se le dedic\u00f3 la Copa Confraternidad.<\/p>\n<p style=\"text-align: right;\"><strong><em><a href=\"#top\">[subir]<\/a><\/em><\/strong><\/p>\n<p><a id=\"archilla\" name=\"archilla\"><\/a><\/p>\n<hr align=\"left\" width=\"700\" \/>\n<p style=\"text-align: left;\" align=\"center\">\u00a0<strong><a href=\"http:\/\/confederacionhipicadelcaribe.org\/wp-content\/uploads\/2012\/06\/luis.jpg\"><img loading=\"lazy\" decoding=\"async\" class=\"alignleft size-full wp-image-430\" title=\"luis\" src=\"http:\/\/confederacionhipicadelcaribe.org\/wp-content\/uploads\/2012\/06\/luis.jpg\" alt=\"\" width=\"79\" height=\"114\" \/><\/a>Luis Archilla Laugier<\/strong> <em>(Puerto Rico)<\/em><\/p>\n<p style=\"text-align: justify;\">Ejerci\u00f3 el cargo de Presidente en la Confederaci\u00f3n H\u00edpica del Caribe en 1978 y fue uno de los trabajadores m\u00e1s incansables que tuvo el Cl\u00e1sico del Caribe.\u00a0 Se le dedic\u00f3 la Copa Confraternidad de 1994.<\/p>\n<p style=\"text-align: right;\"><strong><em><a href=\"#top\">[subir]<\/a><\/em><\/strong><\/p>\n<p><a id=\"victoreado\" name=\"victoreado\"><\/a><\/p>\n<hr align=\"left\" width=\"700\" \/>\n<p style=\"text-align: left;\" align=\"center\">\u00a0<strong><a href=\"http:\/\/confederacionhipicadelcaribe.org\/wp-content\/uploads\/2012\/06\/victoriado.jpg\"><img loading=\"lazy\" decoding=\"async\" class=\"alignleft size-full wp-image-432\" title=\"victoriado\" src=\"http:\/\/confederacionhipicadelcaribe.org\/wp-content\/uploads\/2012\/06\/victoriado.jpg\" alt=\"\" width=\"128\" height=\"115\" \/><\/a>Victoreado<\/strong> <em>(Venezuela)<\/em><\/p>\n<p style=\"text-align: justify;\">Primer ejemplar en ganar el Cl\u00e1sico del Caribe.\u00a0 Montado magistralmente por el astro Gustavo \u00c1vila, el hijo de Viviani en Yeyela cronometr\u00f3 1:56.1 para la distancia de 1m \u215b.\u00a0 No importa los a\u00f1os que pasen, siempre ser\u00e1 recordado por ser el primero en conquistar el Derby Caribe\u00f1o.<\/p>\n<p style=\"text-align: right;\"><strong><em><a href=\"#top\">[subir]<\/a><\/em><\/strong><\/p>\n<p><a id=\"versetsjet\" name=\"versetsjet\"><\/a><\/p>\n<hr align=\"left\" width=\"700\" \/>\n<p style=\"text-align: left;\" align=\"center\">\u00a0<strong><a href=\"http:\/\/confederacionhipicadelcaribe.org\/wp-content\/uploads\/2012\/06\/verset.jpg\"><img loading=\"lazy\" decoding=\"async\" class=\"alignleft size-full wp-image-433\" title=\"verset\" src=\"http:\/\/confederacionhipicadelcaribe.org\/wp-content\/uploads\/2012\/06\/verset.jpg\" alt=\"\" width=\"165\" height=\"115\" \/><\/a>Verset\u00b4s Jet<\/strong> <em>(Puerto Rico)<\/em><\/p>\n<p style=\"text-align: justify;\">Es el \u00fanico caballo en ganar el Cl\u00e1sico del Caribe y la Copa Confraternidad de forma seguida.\u00a0 Junto a su madre, Verset\u00b4s Dancer, componen la \u00fanica combinaci\u00f3n de hijo y madre en conquistar el Derby Caribe\u00f1o, ambas gestas aun sin igualar.\u00a0 Es considerado uno de los mejores caballos de todos los tiempos en Puerto Rico.\u00a0 Fue propiedad de Hermes Vargas y criado por Pat y Wilbert Parkhurst.<\/p>\n<p style=\"text-align: right;\"><strong><em><a href=\"#top\">[subir]<\/a><\/em><\/strong><\/p>\n<hr align=\"left\" width=\"700\" \/>\n<p align=\"center\"><strong>&#8211;\u00a0<strong>EXALTADOS<\/strong> 2004 &#8211;<\/strong><\/p>\n<p><a id=\"llobert\" name=\"llobert\"><\/a><\/p>\n<hr align=\"left\" width=\"700\" \/>\n<p style=\"text-align: left;\" align=\"center\"><strong><a href=\"http:\/\/confederacionhipicadelcaribe.org\/wp-content\/uploads\/2012\/06\/ramon.jpg\"><img loading=\"lazy\" decoding=\"async\" class=\"alignleft size-full wp-image-434\" title=\"ramon\" src=\"http:\/\/confederacionhipicadelcaribe.org\/wp-content\/uploads\/2012\/06\/ramon.jpg\" alt=\"\" width=\"95\" height=\"115\" \/><\/a>Ing. Ram\u00f3n Llobet Jr.<\/strong><\/p>\n<p style=\"text-align: justify;\">En 1953, gest\u00f3 la idea de celebrar una competencia para ejemplares de tres a\u00f1os, provenientes de Cuba, Venezuela, Republica Dominicana y Puerto Rico.\u00a0 Ese evento lo llam\u00f3, Carrera Interamericana.\u00a0 Al Puerto Rico no contar con un hip\u00f3dromo que reuniera las condiciones adecuadas para escenificar un espect\u00e1culo de tal magnitud, se desisti\u00f3 de la celebrarlo.\u00a0 A\u00f1os m\u00e1s tarde, el periodista Luis\u00edn Rosario se dio a la tarea de darle vida a la brillante idea de don Ram\u00f3n y en el 1966 se hizo realidad.\u00a0 Form\u00f3 parte del Comit\u00e9 de Cl\u00e1sicos que aprob\u00f3 el Cl\u00e1sico del Caribe en 1964 y estuvo ligado a los eventos caribe\u00f1os hasta su fallecimiento.<\/p>\n<p style=\"text-align: right;\"><strong><em><a href=\"#top\">[subir]<\/a><\/em><\/strong><\/p>\n<p><a id=\"rosario\" name=\"rosario\"><\/a><\/p>\n<hr align=\"left\" width=\"700\" \/>\n<p style=\"text-align: left;\" align=\"center\"><strong><a href=\"http:\/\/confederacionhipicadelcaribe.org\/wp-content\/uploads\/2012\/06\/luisin.jpg\"><img loading=\"lazy\" decoding=\"async\" class=\"alignleft size-full wp-image-435\" title=\"luisin\" src=\"http:\/\/confederacionhipicadelcaribe.org\/wp-content\/uploads\/2012\/06\/luisin.jpg\" alt=\"\" width=\"129\" height=\"115\" \/><\/a>Luis\u00edn Rosario<\/strong><\/p>\n<p style=\"text-align: justify;\">\u00a0Por siete a\u00f1os, 1958-64, \u00e9ste distinguido periodista, estuvo propulsando el proyecto del Ing. Ram\u00f3n Llobet Jr., para que los pa\u00edses de Cuba, Venezuela, Republica Dominicana y Puerto Rico, enfrentaran sus mejores potros tresa\u00f1eros en una carrera.\u00a0 Con la apertura del Hip\u00f3dromo El Comandante de Carolina, Luis\u00edn vio que era el momento propicio para realizar el evento.<\/p>\n<p style=\"text-align: justify;\">Los estrechos lazos de amistad que ten\u00eda Rosario con la h\u00edpica de Venezuela, en especial con el se\u00f1or Abelardo Raidi, hicieron que \u00e9ste pa\u00eds fuera el primero en aceptar la invitaci\u00f3n.\u00a0 Gracias a su perseverancia y al apoyo del Comit\u00e9 de Cl\u00e1sicos de Puerto Rico, cuyo presidente fue el Lic. Aberaldo Ruiz Suria, el 26 de junio de 1966, se celebr\u00f3 la primera edici\u00f3n del Cl\u00e1sico del Caribe.<\/p>\n<p style=\"text-align: right;\"><strong><em><a href=\"#top\">[subir]<\/a><\/em><\/strong><\/p>\n<p><a id=\"justo\" name=\"justo\"><\/a><\/p>\n<hr align=\"left\" width=\"700\" \/>\n<p style=\"text-align: left;\" align=\"center\"><strong><a href=\"http:\/\/confederacionhipicadelcaribe.org\/wp-content\/uploads\/2012\/06\/justo.jpg\"><img loading=\"lazy\" decoding=\"async\" class=\"alignleft size-full wp-image-436\" title=\"justo\" src=\"http:\/\/confederacionhipicadelcaribe.org\/wp-content\/uploads\/2012\/06\/justo.jpg\" alt=\"\" width=\"104\" height=\"115\" \/><\/a>Lic. Justo F. Fern\u00e1ndez<\/strong> <em>(M\u00e9xico)<\/em><\/p>\n<p style=\"text-align: justify;\">Presidente Ejecutivo de Espect\u00e1culos y Deportes Mexicanos, S. A., y uno de los m\u00e1s connotados criadores mexicanos.\u00a0 En 1975, fue elegido el primer Presidente de la Confederaci\u00f3n H\u00edpica del Caribe.\u00a0 Al siguiente a\u00f1o, 1976, fue nombrado Presidente Vitalicio de la Confederaci\u00f3n, por el impulso que le dio al Derby Caribe\u00f1o.\u00a0 Fue el criador de Nacozare\u00f1o, ganador del Cl\u00e1sico del Caribe en 1971 y uno de los due\u00f1os de Pikotazo, ganador del Cl\u00e1sico del Caribe en 1980.<\/p>\n<p style=\"text-align: justify;\">Su gigantesca aportaci\u00f3n por la conservaci\u00f3n y estabilidad del Cl\u00e1sico del Caribe lo hacen uno de los grandes en la historia de \u00e9sta carrera.<\/p>\n<p style=\"text-align: right;\"><strong><em><a href=\"#top\">[subir]<\/a><\/em><\/strong><\/p>\n<p><a id=\"muller\" name=\"muller\"><\/a><\/p>\n<hr align=\"left\" width=\"700\" \/>\n<p style=\"text-align: left;\" align=\"center\"><strong><a href=\"http:\/\/confederacionhipicadelcaribe.org\/wp-content\/uploads\/2012\/06\/lionel1.jpg\"><img loading=\"lazy\" decoding=\"async\" class=\"alignleft size-full wp-image-505\" title=\"lionel\" src=\"http:\/\/confederacionhipicadelcaribe.org\/wp-content\/uploads\/2012\/06\/lionel1.jpg\" alt=\"\" width=\"99\" height=\"115\" \/><\/a>Lionel Muller<\/strong> <em>(Puerto Rico)<\/em><\/p>\n<p style=\"text-align: justify;\">El din\u00e1mico l\u00edder del \u00abturf\u00bb boricua y caribe\u00f1o, ha sido Presidente de la Confederaci\u00f3n H\u00edpica del Caribe desde 1996.\u00a0 Creador de las Copas Velocidad y Dama del Caribe, ha elevado el hipismo caribe\u00f1o a niveles nunca imaginables. Logr\u00f3 la transmisi\u00f3n de estos eventos por la prestigiosa cadena ESPN, d\u00e1ndole cobertura mundial.\u00a0 Promovi\u00f3 la inclusi\u00f3n del \u00abAngel Cordero Jr. Jockey Challenge\u00bb y el Sal\u00f3n de la Fama del Cl\u00e1sico del Caribe como parte de las actividades. Adem\u00e1s, es el gestor de la Ley #192 que le brinda $500,000 en premios al Cl\u00e1sico del Caribe y la Copa Confraternidad y exime el pago de contribuciones a las cinco carreras que componen la Serie H\u00edpica del Caribe.<\/p>\n<p style=\"text-align: right;\"><strong><em><a href=\"#top\">[subir]<\/a><\/em><\/strong><\/p>\n<p><a id=\"tovar\" name=\"tovar\"><\/a><\/p>\n<hr align=\"left\" width=\"700\" \/>\n<p style=\"text-align: left;\" align=\"center\">\u00a0<strong><a href=\"http:\/\/confederacionhipicadelcaribe.org\/wp-content\/uploads\/2012\/06\/juan.jpg\"><img loading=\"lazy\" decoding=\"async\" class=\"alignleft size-full wp-image-445\" title=\"juan\" src=\"http:\/\/confederacionhipicadelcaribe.org\/wp-content\/uploads\/2012\/06\/juan.jpg\" alt=\"\" width=\"86\" height=\"115\" \/><\/a>Juan Vicente Tovar<\/strong> <em>(Venezuela)<\/em><\/p>\n<p style=\"text-align: justify;\">El 2 de diciembre de 1990 fue una fecha hist\u00f3rica en lo que respecta a eventos caribe\u00f1os. Ese d\u00eda, el as de las bridas venezolano, Juan Vicente Tovar, realiz\u00f3 la haza\u00f1a de ganar las tres carreras internacionales; Copa Confraternidad para machos, con Randy, Copa Confraternidad para hembras, con Mon Coquette, y el Cl\u00e1sico del Caribe con Don Fabi\u00e1n.\u00a0 Considerado el mejor jinete de todos los tiempos en su pa\u00eds natal, fue l\u00edder en victorias por 16 a\u00f1os consecutivos (1977-92) y adem\u00e1s, conquist\u00f3 la Triple Corona con Iraqu\u00ed en 1985.<\/p>\n<p style=\"text-align: right;\"><strong><em><a href=\"#top\">[subir]<\/a><\/em><\/strong><\/p>\n<p><a id=\"cornelio\" name=\"cornelio\"><\/a><\/p>\n<hr align=\"left\" width=\"700\" \/>\n<p style=\"text-align: left;\" align=\"center\"><strong><a href=\"http:\/\/confederacionhipicadelcaribe.org\/wp-content\/uploads\/2012\/06\/cornelio.jpg\"><img loading=\"lazy\" decoding=\"async\" class=\"alignleft size-full wp-image-446\" title=\"cornelio\" src=\"http:\/\/confederacionhipicadelcaribe.org\/wp-content\/uploads\/2012\/06\/cornelio.jpg\" alt=\"\" width=\"88\" height=\"115\" \/><\/a>Cornelio Vel\u00e1squez<\/strong> <em>(Panam\u00e1)<\/em><\/p>\n<p style=\"text-align: justify;\">De la tierra de los mejores jinetes del Mundo, Panam\u00e1, viene Cornelio Vel\u00e1squez.\u00a0 El estelar l\u00e1tigo gan\u00f3 el Cl\u00e1sico del Caribe con Leonardo (1992), Cafajeste (2003) y Spago (20004); y la Copa Confraternidad con By Pass (1992) y Patricio (1993).<\/p>\n<p style=\"text-align: right;\"><strong><em><a href=\"#top\">[subir]<\/a><\/em><\/strong><\/p>\n<p><a id=\"versetsdancer\" name=\"versetsdancer\"><\/a><\/p>\n<hr align=\"left\" width=\"700\" \/>\n<p style=\"text-align: left;\" align=\"center\"><strong><a href=\"http:\/\/confederacionhipicadelcaribe.org\/wp-content\/uploads\/2012\/06\/verset2.jpg\"><img loading=\"lazy\" decoding=\"async\" class=\"alignleft size-full wp-image-447\" title=\"verset2\" src=\"http:\/\/confederacionhipicadelcaribe.org\/wp-content\/uploads\/2012\/06\/verset2.jpg\" alt=\"\" width=\"166\" height=\"115\" \/><\/a>Verset\u00b4s Dancer<\/strong> <em>(Puerto Rico)<\/em><\/p>\n<p style=\"text-align: justify;\">En 1983, la hija de Levee Dancer en Verset por Pia Star, se convirti\u00f3 en la primera potranca en conquistar el Cl\u00e1sico del Caribe.\u00a0 Criada por Pat y Wilbert Parkhurst, y bajo las sedas amarillas del Establo Pro, gan\u00f3 desde la salida, estableciendo de paso, una nueva marca para 1m 1\/8 de 1:50.1.\u00a0 Fue montada magistralmente por Santos Navarro y entrenado por Jos\u00e9 A. Maym\u00f3.\u00a0 Es la \u00fanica en ganar el Derby Caribe\u00f1o y producir, como madre, un ganador de \u00e9sta prestigiosa carrera; el tambi\u00e9n exaltado al Sal\u00f3n de la Fama del Caribe, Verset\u00b4s Jet.<\/p>\n<p style=\"text-align: right;\"><strong><em><a href=\"#top\">[subir]<\/a><\/em><\/strong><\/p>\n<p><a id=\"myownbusiness\" name=\"myownbusiness\"><\/a><\/p>\n<hr align=\"left\" width=\"700\" \/>\n<p style=\"text-align: left;\" align=\"center\"><strong><a href=\"http:\/\/confederacionhipicadelcaribe.org\/wp-content\/uploads\/2012\/06\/my1.jpg\"><img loading=\"lazy\" decoding=\"async\" class=\"alignleft size-full wp-image-502\" title=\"my\" src=\"http:\/\/confederacionhipicadelcaribe.org\/wp-content\/uploads\/2012\/06\/my1.jpg\" alt=\"\" width=\"173\" height=\"115\" \/><\/a>My Own Business<\/strong> <em>(Venezuela)<\/em><\/p>\n<p style=\"text-align: justify;\">Uno de los mejores ejemplares que han participado es estas competencias caribe\u00f1as lo es definitivamente el \u00abmeteoro venezolano\u00bb, My Own Business.\u00a0 Propiedad de los deportistas Rocco Sebastiani y Hugo Albarr\u00e1n, es el \u00fanico en realizar la monumental gesta de ganar el Cl\u00e1sico del Caribe y la Copa Confraternidad en dos ocasiones, esta \u00faltima, de forma seguida.\u00a0 El hijo de Voyageur en Word Medley por Verbatim, fue preparado en todas sus conquistas por su entrenador de siempre, Antonio Bellardi.\u00a0 Su criador fue el Dr. Julio Pazos.<\/p>\n<p style=\"text-align: right;\"><strong><em><a href=\"#top\">[subir]<\/a><\/em><\/strong><\/p>\n<hr align=\"left\" width=\"700\" \/>\n<p align=\"center\"><strong>&#8211; EXALTADOS 2006 &#8211;<br \/><\/strong><\/p>\n<p><a id=\"zepeda\" name=\"zepeda\"><\/a><\/p>\n<hr align=\"left\" width=\"700\" \/>\n<p style=\"text-align: left;\" align=\"center\"><strong><a href=\"http:\/\/confederacionhipicadelcaribe.org\/wp-content\/uploads\/2012\/06\/alberto_zepeda.jpg\"><img loading=\"lazy\" decoding=\"async\" class=\"alignleft size-full wp-image-451\" title=\"alberto_zepeda\" src=\"http:\/\/confederacionhipicadelcaribe.org\/wp-content\/uploads\/2012\/06\/alberto_zepeda.jpg\" alt=\"\" width=\"93\" height=\"115\" \/><\/a>Alberto Zepeda<\/strong> <em>(M\u00e9xico)<\/em><\/p>\n<p style=\"text-align: justify;\">Primer jinete, y uno de cinco, en ganar dos veces el prestigioso Cl\u00e1sico del Caribe.\u00a0 Su victoria inicial fue en el 1969 conduciendo a Guadamur, de la Cuadra Carrusel y entrenado por Antonio Justo.<\/p>\n<p style=\"text-align: justify;\">Su segundo triunfo fue en el 1975 con Teziutl\u00e1n, gesta que lo hace meritorio pertenecer al Pabell\u00f3n de Inmortales del Caribe.\u00a0 Transcurrieron diez a\u00f1os antes que otro jinete igualara el logro de Zepeda, quien hoy d\u00eda es Miembro del Jurado en el\u00a0 Hip\u00f3dromo Las Am\u00e9ricas.<\/p>\n<p style=\"text-align: right;\"><strong><em><a href=\"#top\">[subir]<\/a><\/em><\/strong><\/p>\n<p><a id=\"valiente\" name=\"valiente\"><\/a><\/p>\n<hr align=\"left\" width=\"700\" \/>\n<p style=\"text-align: left;\" align=\"center\"><strong><a href=\"http:\/\/confederacionhipicadelcaribe.org\/wp-content\/uploads\/2012\/06\/douglas.jpg\"><img loading=\"lazy\" decoding=\"async\" class=\"alignleft size-full wp-image-450\" title=\"douglas\" src=\"http:\/\/confederacionhipicadelcaribe.org\/wp-content\/uploads\/2012\/06\/douglas.jpg\" alt=\"\" width=\"138\" height=\"115\" \/><\/a>Douglas Valiente<\/strong> <em>(Venezuela)<\/em><\/p>\n<p style=\"text-align: justify;\">Otro de los que pertenecen al c\u00edrculo exclusivo de jinetes que han ganado dos Cl\u00e1sicos del Caribe.\u00a0 El l\u00e1tigo venezolano conquist\u00f3 por primera ocasi\u00f3n la codiciada carrera en el 1986 sobre los lomos de Benem\u00e9rito.\u00a0 Once a\u00f1os despu\u00e9s, 1997, la gan\u00f3 con\u00a0 Alighieri.\u00a0 Las dem\u00e1s montas de Valiente en el Derby Caribe\u00f1o llegaron todas en el dinero; segundo con Mantle (1985), Gallardete (1987) y Catire Bello (1992); cuarto con Hurac\u00e1n David (1998)\u00a0 y quinto con\u00a0 It Comes Well (1999).<\/p>\n<p style=\"text-align: right;\"><strong><em><a href=\"#top\">[subir]<\/a><\/em><\/strong><\/p>\n<p><a id=\"pincay\" name=\"pincay\"><\/a><\/p>\n<hr align=\"left\" width=\"700\" \/>\n<p style=\"text-align: left;\" align=\"center\"><strong><a href=\"http:\/\/confederacionhipicadelcaribe.org\/wp-content\/uploads\/2012\/06\/laffit.jpg\"><img loading=\"lazy\" decoding=\"async\" class=\"alignleft size-full wp-image-456\" title=\"laffit\" src=\"http:\/\/confederacionhipicadelcaribe.org\/wp-content\/uploads\/2012\/06\/laffit.jpg\" alt=\"\" width=\"86\" height=\"115\" \/><\/a>Laffit Pincay Jr.<\/strong> <em>(Panam\u00e1)<\/em><\/p>\n<p style=\"text-align: justify;\">Pincay Jr. vio acci\u00f3n en la primera edici\u00f3n del Cl\u00e1sico del Caribe celebrado en 1966 abordo de la paname\u00f1a Bibi.\u00a0 En el 1980 conquist\u00f3 el evento con el triple coronado Pikotazo.\u00a0 Por muchos a\u00f1os ostent\u00f3 la marca de victorias en los Estados Unidos.<\/p>\n<p style=\"text-align: right;\"><strong><em><a href=\"#top\">[subir]<\/a><\/em><\/strong><\/p>\n<p><a id=\"ubarri\" name=\"ubarri\"><\/a><\/p>\n<hr align=\"left\" width=\"700\" \/>\n<p style=\"text-align: left;\" align=\"center\"><strong><a href=\"http:\/\/confederacionhipicadelcaribe.org\/wp-content\/uploads\/2012\/06\/enrique.jpg\"><img loading=\"lazy\" decoding=\"async\" class=\"alignleft size-full wp-image-457\" title=\"enrique\" src=\"http:\/\/confederacionhipicadelcaribe.org\/wp-content\/uploads\/2012\/06\/enrique.jpg\" alt=\"\" width=\"98\" height=\"115\" \/><\/a>Enrique Ubarri Blanes<\/strong> <em>(Puerto Rico)<\/em><\/p>\n<p style=\"text-align: justify;\">Form\u00f3 parte del primer Comit\u00e9 Organizador del Cl\u00e1sico del Caribe en el 1966.\u00a0 Cuando se fund\u00f3 la Confederaci\u00f3n H\u00edpica del Caribe, represent\u00f3 a los Criadores de Puerto Rico y posteriormente ejerci\u00f3 como Presidente de la Confederaci\u00f3n.\u00a0 En esos a\u00f1os iniciales, fue uno de los m\u00e1ximos propulsores y junto a Fernando Eleta, Justo Fern\u00e1ndez y Luis Archilla Laugier, contribuy\u00f3 al desarrollo del Cl\u00e1sico del Caribe.\u00a0 Tiene la distinci\u00f3n de ser la \u00fanica persona a quien le han dedicado la Copa\u00a0 Confraternidad en dos ocasiones.\u00a0 Como criador conquist\u00f3 el Cl\u00e1sico del Caribe con El Gran Nano (1994), la Copa Confraternidad con Gran Duque (2001), y la Copa Velocidad con Andiroba (2003) y Portentoso (2004).<\/p>\n<p style=\"text-align: right;\"><strong><em><a href=\"#top\">[subir]<\/a><\/em><\/strong><\/p>\n<p><a id=\"fraino\" name=\"fraino\"><\/a><\/p>\n<hr align=\"left\" width=\"700\" \/>\n<p style=\"text-align: left;\" align=\"center\"><strong><a href=\"http:\/\/confederacionhipicadelcaribe.org\/wp-content\/uploads\/2012\/06\/alberto2.jpg\"><img loading=\"lazy\" decoding=\"async\" class=\"alignleft size-full wp-image-458\" title=\"alberto2\" src=\"http:\/\/confederacionhipicadelcaribe.org\/wp-content\/uploads\/2012\/06\/alberto2.jpg\" alt=\"\" width=\"103\" height=\"115\" \/><\/a>Alberto Fra\u00edno<\/strong> <em>(Venezuela)<\/em><\/p>\n<p style=\"text-align: justify;\">Se inici\u00f3 en la Confederaci\u00f3n H\u00edpica del Caribe en el 1976 como Delegado Oficial de Venezuela. Desde ese momento hasta el pasado a\u00f1o 2005, se entreg\u00f3 por completo a la causa caribe\u00f1a.\u00a0 Para el 1980, cuando el Cl\u00e1sico del Caribe corr\u00eda peligro de desaparecer porque el anterior a\u00f1o no se celebr\u00f3, Fra\u00edno, junto a un grupo de deportistas venezolanos, asumieron la responsabilidad de montar el Derby Caribe\u00f1o en Venezuela, sin contar con apoyo oficial y contra todo pron\u00f3stico.\u00a0 La carrera se celebr\u00f3 y fue todo un \u00e9xito. Ese momento fue determinante en la historia de la carrera y gracias a la iniciativa de Alberto Fra\u00edno, el Cl\u00e1sico del Caribe, continu\u00f3 su trayectoria exitosa.<\/p>\n<p style=\"text-align: right;\"><strong><em><a href=\"#top\">[subir]<\/a><\/em><\/strong><\/p>\n<p><a id=\"josean\" name=\"josean\"><\/a><\/p>\n<hr align=\"left\" width=\"700\" \/>\n<p style=\"text-align: left;\" align=\"center\"><strong><a href=\"http:\/\/confederacionhipicadelcaribe.org\/wp-content\/uploads\/2012\/06\/josean.jpg\"><img loading=\"lazy\" decoding=\"async\" class=\"alignleft size-full wp-image-501\" title=\"josean\" src=\"http:\/\/confederacionhipicadelcaribe.org\/wp-content\/uploads\/2012\/06\/josean.jpg\" alt=\"\" width=\"112\" height=\"115\" \/><\/a>Ing. Jos\u00e9 Fern\u00e1ndez Polo<\/strong> <em>(Puerto Rico)<\/em><\/p>\n<p style=\"text-align: justify;\">Comenz\u00f3 a participar y formar parte del Cl\u00e1sico del Caribe en el 1973 cuando fue reclutado por el siempre recordado Agust\u00edn Mercado Rever\u00f3n.\u00a0 En el 1974, se integr\u00f3 de lleno, trabajando con el Comit\u00e9 Organizador y por varios a\u00f1os tuvo a su cargo el recibimiento y las atenciones de todas las delegaciones del Caribe.\u00a0 En 1982 comenz\u00f3 como Delegado de Puerto Rico en representaci\u00f3n de los Due\u00f1os de Caballos.\u00a0 Asumi\u00f3 el puesto de secretario de la Confederaci\u00f3n H\u00edpica del Caribe en el 1997, puesto que ocupa en la actualidad.\u00a0 En un momento en que varias organizaciones en Puerto Rico trataron de eliminar la participaci\u00f3n de los boricuas en el CDC, Josean luch\u00f3, junto a un grupo de deportistas, para que esto no sucediera y el tiempo le dio la raz\u00f3n.<\/p>\n<p style=\"text-align: right;\"><strong><em><a href=\"#top\">[subir]<\/a><\/em><\/strong><\/p>\n<p><a id=\"codik\" name=\"codik\"><\/a><\/p>\n<hr align=\"left\" width=\"700\" \/>\n<p style=\"text-align: left;\" align=\"center\"><strong><a href=\"http:\/\/confederacionhipicadelcaribe.org\/wp-content\/uploads\/2012\/06\/codik.jpg\"><img loading=\"lazy\" decoding=\"async\" class=\"alignleft size-full wp-image-473\" title=\"codik\" src=\"http:\/\/confederacionhipicadelcaribe.org\/wp-content\/uploads\/2012\/06\/codik.jpg\" alt=\"\" width=\"88\" height=\"115\" \/><\/a>Manfred Codik<\/strong> <em>(Rep\u00fablica Dominicana)<\/em><\/p>\n<p style=\"text-align: justify;\">Una de las figuras m\u00e1s queridas en la h\u00edpica caribe\u00f1a, Manfred ha ejercido el cargo de Vicepresidente de la Confederaci\u00f3n por cuatro t\u00e9rminos.\u00a0 La Confederaci\u00f3n del Caribe es uno de sus mayores intereses y siempre est\u00e1 pendiente para interceder en los momentos dif\u00edciles y actuar como agente unificador.\u00a0 Su car\u00e1cter alegre ha sido de mucho beneficio en las reuniones porque act\u00faa siempre pensando en lo mejor para la Confederaci\u00f3n\u00a0 y para el hipismo caribe\u00f1o. En el 2008 logro el sue\u00f1o de todo due\u00f1o de caballos, ganar el Cl\u00e1sico del Caribe, con el triple coronado Sic\u00f3tico.<\/p>\n<p style=\"text-align: right;\"><strong><em><a href=\"#top\">[subir]<\/a><\/em><\/strong><\/p>\n<p><a id=\"carloseleta\" name=\"carloseleta\"><\/a><\/p>\n<hr align=\"left\" width=\"700\" \/>\n<p style=\"text-align: left;\" align=\"center\"><strong><a href=\"http:\/\/confederacionhipicadelcaribe.org\/wp-content\/uploads\/2012\/06\/carloseleta.jpg\"><img loading=\"lazy\" decoding=\"async\" class=\"alignleft size-full wp-image-474\" title=\"carloseleta\" src=\"http:\/\/confederacionhipicadelcaribe.org\/wp-content\/uploads\/2012\/06\/carloseleta.jpg\" alt=\"\" width=\"207\" height=\"115\" \/><\/a>Carlos y Raquel Eleta<\/strong> <em>(Panam\u00e1)<\/em><\/p>\n<p style=\"text-align: justify;\">Padre e hija han jugado un papel prominente en la crianza de purasangres del Caribe.\u00a0 Propietarios del Haras San Miguel, han criado cuatro ganadores del Cl\u00e1sico del Caribe; Montecarlo (1973), Barreminas (1974), Evaristo (1998) y Cafajeste (2003).\u00a0 Tanto Montecarlo como Barreminas, los cri\u00f3 Carlos con su hermano Fernando Eleta.\u00a0 Evaristo y Cafajeste fueron criados con su hija, Raquel.\u00a0 Adem\u00e1s, Carlos y Raquel criaron a Espaviento, ganador de la Copa Confraternidad en 1991 y a Lala G, ganadora de la Copa Dama del Caribe en el 2002.<\/p>\n<p style=\"text-align: right;\"><strong><em><a href=\"#top\">[subir]<\/a><\/em><\/strong><\/p>\n<p><a id=\"arango\" name=\"arango\"><\/a><\/p>\n<hr align=\"left\" width=\"700\" \/>\n<p style=\"text-align: left;\" align=\"center\"><strong><a href=\"http:\/\/confederacionhipicadelcaribe.org\/wp-content\/uploads\/2012\/06\/arango.jpg\"><img loading=\"lazy\" decoding=\"async\" class=\"alignleft size-full wp-image-475\" title=\"arango\" src=\"http:\/\/confederacionhipicadelcaribe.org\/wp-content\/uploads\/2012\/06\/arango.jpg\" alt=\"\" width=\"80\" height=\"115\" \/><\/a>Roberto Arango<\/strong> <em>(Panam\u00e1)<\/em><\/p>\n<p style=\"text-align: justify;\">Cuando se mencionan los m\u00e1s destacados entrenadores que han participado en los eventos caribe\u00f1os, un nombre que siempre resalta es el de Roberto Arango. El simp\u00e1tico entrenador paname\u00f1o es uno de tres en ganar el Cl\u00e1sico del Caribe y la Copa Confraternidad en un mismo a\u00f1o cuando en el 1996 gan\u00f3 ambos eventos con Angelical y Man on the Moon respectivamente.\u00a0 En el 1998, conquist\u00f3 nuevamente el Derby Caribe\u00f1o, esta vez con Evaristo, convirti\u00e9ndose de paso en uno de cinco preparadores en ensillar dos ganadores del Cl\u00e1sico del Caribe.<\/p>\n<p style=\"text-align: right;\"><strong><em><a href=\"#top\">[subir]<\/a><\/em><\/strong><\/p>\n<p><a id=\"cano\" name=\"cano\"><\/a><\/p>\n<hr align=\"left\" width=\"700\" \/>\n<p style=\"text-align: left;\" align=\"center\"><strong><a href=\"http:\/\/confederacionhipicadelcaribe.org\/wp-content\/uploads\/2012\/06\/cano.jpg\"><img loading=\"lazy\" decoding=\"async\" class=\"alignleft size-full wp-image-476\" title=\"cano\" src=\"http:\/\/confederacionhipicadelcaribe.org\/wp-content\/uploads\/2012\/06\/cano.jpg\" alt=\"\" width=\"77\" height=\"115\" \/><\/a>Ra\u00fal Cano Faro<\/strong> <em>(M\u00e9xico)<\/em><\/p>\n<p style=\"text-align: justify;\">Criar un caballo, luego competir y posteriormente ganar el Cl\u00e1sico del Caribe, es una de las gestas m\u00e1s dif\u00edciles de realizar.\u00a0 Ra\u00fal Cano Faro lo hizo, no una, sino dos veces, cuando conquist\u00f3 como criador y due\u00f1o la codiciada carrera.\u00a0 La primera ocasi\u00f3n fue en el 1969 con Guadamur y al siguiente a\u00f1o, con Hashin.<\/p>\n<p style=\"text-align: right;\"><strong><em><a href=\"#top\">[subir]<\/a><\/em><\/strong><\/p>\n<p><a id=\"pikotazo\" name=\"pikotazo\"><\/a><\/p>\n<hr align=\"left\" width=\"700\" \/>\n<p style=\"text-align: left;\" align=\"center\"><strong><a href=\"http:\/\/confederacionhipicadelcaribe.org\/wp-content\/uploads\/2012\/06\/pikotazo.jpg\"><img loading=\"lazy\" decoding=\"async\" class=\"alignleft size-full wp-image-477\" title=\"pikotazo\" src=\"http:\/\/confederacionhipicadelcaribe.org\/wp-content\/uploads\/2012\/06\/pikotazo.jpg\" alt=\"\" width=\"148\" height=\"115\" \/><\/a>Pikotazo<\/strong> <em>(M\u00e9xico)<\/em><\/p>\n<p style=\"text-align: justify;\">Hijo de Get Around en Cookie Can, emul\u00f3 a su abuelo paterno, Citation,\u00a0 al conquistar en\u00a0 el 1980 la Triple Corona mexicana de forma invicta.\u00a0 Era apenas el cuarto ejemplar en el Mundo en ganar la codiciada trilog\u00eda de carreras sin derrotas.\u00a0 Posteriormente corri\u00f3 en los Estados Unidos, obteniendo victorias cl\u00e1sicas.<\/p>\n<p style=\"text-align: justify;\">Corri\u00f3 bajo los colores de la Cuadra Just Horgues de Gustavo Zepeda Carranza y Justo F. Fern\u00e1ndez, y fue criado por el primero mencionado.\u00a0 Pikotazo gan\u00f3 el Cl\u00e1sico del Caribe de 1980, convirti\u00e9ndose en el segundo triple coronado en lograr la doble gesta. Fue montado por el astro paname\u00f1o, Laffit Pincay Jr., y entrenado por Alberto Barrera.\u00a0 Cubri\u00f3 la distancia de 1m \u215b en 1:52,1 en el \u00f3valo de La Rinconada, Venezuela.<\/p>\n<p style=\"text-align: right;\"><strong><em><a href=\"#top\">[subir]<\/a><\/em><\/strong><\/p>\n<hr align=\"left\" width=\"700\" \/>\n<p align=\"center\"><strong>&#8211;\u00a0<strong>EXALTADOS<\/strong> 2008 &#8211;<\/strong><\/p>\n<p><a id=\"avila\" name=\"avila\"><\/a><\/p>\n<hr align=\"left\" width=\"700\" \/>\n<p style=\"text-align: left;\" align=\"center\"><strong><a href=\"http:\/\/confederacionhipicadelcaribe.org\/wp-content\/uploads\/2012\/06\/gustavo.jpg\"><img loading=\"lazy\" decoding=\"async\" class=\"alignleft size-full wp-image-460\" title=\"gustavo\" src=\"http:\/\/confederacionhipicadelcaribe.org\/wp-content\/uploads\/2012\/06\/gustavo.jpg\" alt=\"\" width=\"92\" height=\"115\" \/><\/a>Gustavo Avila<\/strong> <em>(Venezuela)<\/em><\/p>\n<p style=\"text-align: justify;\">Estelar jinete que bajo h\u00e1bil monta, gan\u00f3 la primera edici\u00f3n del Cl\u00e1sico del Caribe con Victoreado.\u00a0 Es uno de tres jinetes en ganar el Derby de Kentucky y el Cl\u00e1sico del Caribe.<\/p>\n<p style=\"text-align: right;\" align=\"center\">\u00a0<strong><em><a href=\"#top\">[subir]<\/a><\/em><\/strong><\/p>\n<p><a id=\"homeister\" name=\"homeister\"><\/a><\/p>\n<hr align=\"left\" width=\"700\" \/>\n<p style=\"text-align: left;\" align=\"center\"><strong><a href=\"http:\/\/confederacionhipicadelcaribe.org\/wp-content\/uploads\/2012\/06\/homeister.jpg\"><img loading=\"lazy\" decoding=\"async\" class=\"alignleft size-full wp-image-478\" title=\"homeister\" src=\"http:\/\/confederacionhipicadelcaribe.org\/wp-content\/uploads\/2012\/06\/homeister.jpg\" alt=\"\" width=\"117\" height=\"115\" \/><\/a>Rosemary Homeister Jr.<\/strong> <em>(Estados Unidos)<\/em><\/p>\n<p style=\"text-align: justify;\">Primera y \u00fanica mujer en montar y ganar el Cl\u00e1sico del Caribe con Alexia en el 2001.\u00a0 Pertenece al Sal\u00f3n de la Fama del Hip\u00f3dromo Calder y en 1992 fue recipiente del prestigioso Premio Eclipse como el mejor aprendiz en los Estados Unidos.<\/p>\n<p style=\"text-align: right;\"><strong><em><a href=\"#top\">[subir]<\/a><\/em><\/strong><\/p>\n<p><a id=\"parkhurst\" name=\"parkhurst\"><\/a><\/p>\n<hr align=\"left\" width=\"700\" \/>\n<p style=\"text-align: left;\" align=\"center\"><strong><a href=\"http:\/\/confederacionhipicadelcaribe.org\/wp-content\/uploads\/2012\/06\/wilburt.jpg\"><img loading=\"lazy\" decoding=\"async\" class=\"alignleft size-full wp-image-480\" title=\"wilburt\" src=\"http:\/\/confederacionhipicadelcaribe.org\/wp-content\/uploads\/2012\/06\/wilburt.jpg\" alt=\"\" width=\"148\" height=\"115\" \/><\/a>Wilburt y Patricia Parkhurst<\/strong> <em>(Puerto Rico)<\/em><\/p>\n<p style=\"text-align: justify;\">Criadores que realizaron la gesta de producir la \u00fanica combinaci\u00f3n de madre e hijo en ganar el Cl\u00e1sico del Caribe: Verset\u00b4s Dancer y Verset\u00b4s Jet.\u00a0 En el 2007 le dedicaron la Copa Confraternidad.<\/p>\n<p style=\"text-align: right;\"><strong><em><a href=\"#top\">[subir]<\/a><\/em><\/strong><\/p>\n<p><a id=\"carbonell\" name=\"carbonell\"><\/a><\/p>\n<hr align=\"left\" width=\"700\" \/>\n<p style=\"text-align: left;\" align=\"center\"><strong><a href=\"http:\/\/confederacionhipicadelcaribe.org\/wp-content\/uploads\/2012\/06\/carbonell.jpg\"><img loading=\"lazy\" decoding=\"async\" class=\"alignleft size-full wp-image-481\" title=\"carbonell\" src=\"http:\/\/confederacionhipicadelcaribe.org\/wp-content\/uploads\/2012\/06\/carbonell.jpg\" alt=\"\" width=\"80\" height=\"115\" \/><\/a>Celestino Carbonell<\/strong> <em>(Panam\u00e1)<\/em><\/p>\n<p style=\"text-align: justify;\">Uno de dos due\u00f1os de ejemplares en ganar el Cl\u00e1sico del Caribe en dos ocasiones y en ambas ocasiones con triple coronados: Leonardo y Spago.<\/p>\n<p style=\"text-align: right;\"><strong><em><a href=\"#top\">[subir]<\/a><\/em><\/strong><\/p>\n<p><a id=\"felix\" name=\"felix\"><\/a><\/p>\n<hr align=\"left\" width=\"700\" \/>\n<p style=\"text-align: left;\" align=\"center\"><strong><a href=\"http:\/\/confederacionhipicadelcaribe.org\/wp-content\/uploads\/2012\/06\/felix.jpg\"><img loading=\"lazy\" decoding=\"async\" class=\"alignleft size-full wp-image-482\" title=\"felix\" src=\"http:\/\/confederacionhipicadelcaribe.org\/wp-content\/uploads\/2012\/06\/felix.jpg\" alt=\"\" width=\"110\" height=\"115\" \/><\/a>F\u00e9lix Rodr\u00edguez Jr.<\/strong> <em>(Panam\u00e1)<\/em><\/p>\n<p style=\"text-align: justify;\">Segundo entrenador en ganar dos veces el Cl\u00e1sico del Caribe con Patilargo (1985) y Pan de los Pobres (1989).\u00a0 Su padre, del mismo nombre, gan\u00f3 el CDC en 1973 con Montecarlo lo que los convierten en la \u00fanica combinaci\u00f3n de padre e hijo en ganar el Cl\u00e1sico del Caribe.<\/p>\n<p style=\"text-align: right;\"><strong><em><a href=\"#top\">[subir]<\/a><\/em><\/strong><\/p>\n<p><a id=\"leonardo\" name=\"leonardo\"><\/a><\/p>\n<hr align=\"left\" width=\"700\" \/>\n<p style=\"text-align: left;\" align=\"center\"><strong><a href=\"http:\/\/confederacionhipicadelcaribe.org\/wp-content\/uploads\/2012\/06\/leonardo.jpg\"><img loading=\"lazy\" decoding=\"async\" class=\"alignleft size-full wp-image-461\" title=\"leonardo\" src=\"http:\/\/confederacionhipicadelcaribe.org\/wp-content\/uploads\/2012\/06\/leonardo.jpg\" alt=\"\" width=\"166\" height=\"115\" \/><\/a>Leonardo<\/strong> <em>(Panam\u00e1)<\/em><\/p>\n<p style=\"text-align: justify;\">Hijo de Donzel en Guadalupe, conquist\u00f3 la triple corona y el Cl\u00e1sico del Caribe de 1992 derrotando al tambi\u00e9n triple coronado venezolano, Catire Bello.\u00a0 Fue montado por Cornelio Vel\u00e1squez, entrenado por Alberto Paz Rodr\u00edguez y propiedad de Celestino Carbonell.\u00a0 Es uno de los mejores ejemplares en la historia de la h\u00edpica paname\u00f1a.\u00a0 Fue criado por Fernando y Graciela Eleta.<\/p>\n<p style=\"text-align: right;\"><strong><em><a href=\"#top\">[subir]<\/a><\/em><\/strong><\/p>\n<hr align=\"left\" width=\"700\" \/>\n<p align=\"center\">\u00a0<strong>&#8211; EXALTADOS 2010 &#8211;<\/strong><\/p>\n<p><a id=\"rafy\" name=\"rafy\"><\/a><\/p>\n<hr align=\"left\" width=\"700\" \/>\n<p style=\"text-align: left;\" align=\"center\"><strong><a href=\"http:\/\/confederacionhipicadelcaribe.org\/wp-content\/uploads\/2012\/06\/rafy.jpg\"><img loading=\"lazy\" decoding=\"async\" class=\"alignleft size-full wp-image-483\" title=\"rafy\" src=\"http:\/\/confederacionhipicadelcaribe.org\/wp-content\/uploads\/2012\/06\/rafy.jpg\" alt=\"\" width=\"119\" height=\"115\" \/><\/a>Rafael Fern\u00e1ndez Prado<\/strong> <em>(Panam\u00e1)<\/em><\/p>\n<p style=\"text-align: justify;\">Dif\u00edcilmente podamos encontrar una persona en el hipismo que haya sido tan vers\u00e1til como Rafael Fern\u00e1ndez Prado.\u00a0 Adem\u00e1s de ser un destacado entrenador, ha laborado como periodista, comentarista, narrador y director de radio y televisi\u00f3n, due\u00f1o e importador de caballos, y ha ocupado diversas posiciones de jerarqu\u00eda en organizaciones h\u00edpicas de su natal Panam\u00e1. Tambi\u00e9n ha sido delegado de Panam\u00e1 en la Confederaci\u00f3n H\u00edpica del Caribe y en 1999 fue el Presidente del Comit\u00e9 Organizador del Cl\u00e1sico del Caribe cuando se celebr\u00f3 el evento en el Hip\u00f3dromo Presidente Rem\u00f3n.\u00a0 En el a\u00f1o 2003, trajo a Puerto Rico a un potro de nombre Cafajeste quien coron\u00f3 toda una vida dedicada al hipismo con su magistral triunfo en el Cl\u00e1sico del Caribe.<\/p>\n<p style=\"text-align: right;\"><strong><em><a href=\"#top\">[subir]<\/a><\/em><\/strong><\/p>\n<p><a id=\"bellardi\" name=\"bellardi\"><\/a><\/p>\n<hr align=\"left\" width=\"700\" \/>\n<p style=\"text-align: left;\" align=\"center\"><strong><a href=\"http:\/\/confederacionhipicadelcaribe.org\/wp-content\/uploads\/2012\/06\/bellardi.jpg\"><img loading=\"lazy\" decoding=\"async\" class=\"alignleft size-full wp-image-484\" title=\"bellardi\" src=\"http:\/\/confederacionhipicadelcaribe.org\/wp-content\/uploads\/2012\/06\/bellardi.jpg\" alt=\"\" width=\"115\" height=\"115\" \/><\/a>Antonio Bellardi<\/strong> <em>(Venezuela)<\/em><\/p>\n<p style=\"text-align: justify;\">Antonio Bellardi realiz\u00f3 una de las gestas m\u00e1s impresionantes en la historia de los eventos caribe\u00f1os: ganar el Cl\u00e1sico del Caribe y dos veces la Copa Confraternidad con el mismo ejemplar: My Own Business.\u00a0 La victoria en el Derby Caribe\u00f1o fue en el a\u00f1o 2000 cuando el meteoro venezolano pulveriz\u00f3 a sus contrincantes.\u00a0 En el 2002, My Own Business conquist\u00f3 la Copa Confraternidad\u00a0 para unirse a Verset\u00b4s Jet como los \u00fanicos ejemplarles en conquistar ambas carreras.\u00a0 Al siguiente a\u00f1o, Antonio Bellardi volvi\u00f3 a Puerto Rico con su campe\u00f3n y se colocaron solos en la c\u00faspide del hipismo caribe\u00f1o al ganar por segunda ocasi\u00f3n y de forma consecutiva, la Copa Confraternidad.\u00a0\u00a0 Esta gesta ser\u00e1 sumamente dif\u00edcil de igualar.<\/p>\n<p style=\"text-align: right;\"><strong><em><a href=\"#top\">[subir]<\/a><\/em><\/strong><\/p>\n<p><a id=\"albarran\" name=\"albarran\"><\/a><\/p>\n<hr align=\"left\" width=\"700\" \/>\n<p style=\"text-align: left;\" align=\"center\"><strong><a href=\"http:\/\/confederacionhipicadelcaribe.org\/wp-content\/uploads\/2012\/06\/albarran.jpg\"><img loading=\"lazy\" decoding=\"async\" class=\"alignleft size-full wp-image-500\" title=\"albarran\" src=\"http:\/\/confederacionhipicadelcaribe.org\/wp-content\/uploads\/2012\/06\/albarran.jpg\" alt=\"\" width=\"93\" height=\"115\" \/><\/a>Dr. Hugo Albarr\u00e1n<\/strong> <em>(Venezuela)<\/em><\/p>\n<p style=\"text-align: justify;\">Como due\u00f1o de caballos, el Dr. Hugo Albarr\u00e1n logr\u00f3 es una de las gestas m\u00e1s dif\u00edciles de igualar, conquistar\u00a0 el Cl\u00e1sico del Caribe y dos veces la Copa Confraternidad con el mismo ejemplar: My Own Business.\u00a0 La trilog\u00eda de victorias comenz\u00f3 en el a\u00f1o 2000 cuando el hijo de Voyageur en Word Medley pulveriz\u00f3 a la oposici\u00f3n en el Cl\u00e1sico del Caribe.\u00a0 Luego en el 2002 gan\u00f3 la Copa Confraternidad uni\u00e9ndose a Verset\u00b4s Jet como los \u00fanicos ejemplares en ganar ambas carreras.\u00a0 Y finalmente en el 2003, complet\u00f3 la trilog\u00eda de victorias al convertirse en el primer ejemplar en ganar el Cl\u00e1sico del Caribe y dos veces la Copa Confraternidad.<\/p>\n<p style=\"text-align: justify;\">El Dr. Albarr\u00e1n es una de las principales figuras del hipismo venezolano y caribe\u00f1o.\u00a0 En la actualidad es Presidente de ASOPRORIN y funge como delegado de Venezuela en la Confederaci\u00f3n H\u00edpica del Caribe.\u00a0 En los pasados a\u00f1os se propuso traer la Serie H\u00edpica del Caribe a Venezuela y lo logr\u00f3 en el 2010.<\/p>\n<p style=\"text-align: right;\"><strong><em><a href=\"#top\">[subir]<\/a><\/em><\/strong><\/p>\n<p><a id=\"delgado\" name=\"delgado\"><\/a><\/p>\n<hr align=\"left\" width=\"700\" \/>\n<p style=\"text-align: left;\" align=\"center\"><strong><a href=\"http:\/\/confederacionhipicadelcaribe.org\/wp-content\/uploads\/2012\/06\/delgado1.jpg\"><img loading=\"lazy\" decoding=\"async\" class=\"alignleft size-full wp-image-499\" title=\"delgado\" src=\"http:\/\/confederacionhipicadelcaribe.org\/wp-content\/uploads\/2012\/06\/delgado1.jpg\" alt=\"\" width=\"132\" height=\"115\" \/><\/a>Gustavo Delgado<\/strong> <em>(Venezuela)<\/em><\/p>\n<p style=\"text-align: justify;\">El fogoso entrenador tiene seis victorias en eventos caribe\u00f1os: En 2002, logr\u00f3 su primer triunfo en el Cl\u00e1sico del Caribe con Gran Abuelo.\u00a0 Cinco a\u00f1os despu\u00e9s, 2007, conquist\u00f3 la Copa Velocidad con Fantasy Lady y la Copa Confraternidad con Gran Estefan\u00eda.\u00a0 Al siguiente a\u00f1o logr\u00f3 su segundo triunfo en la Copa Confraternidad, esta vez con Taconeo.\u00a0 En el 2009 conquist\u00f3 por segunda ocasi\u00f3n el Cl\u00e1sico del Caribe con la campeona Bambera y logr\u00f3 su tercera victoria en el Cl\u00e1sico del Caribe en el 2010 con el triple coronado Water Jet, convirti\u00e9ndose en el entrenador con m\u00e1s victorias en el llamado Derby Caribe\u00f1o.<\/p>\n<p style=\"text-align: right;\"><strong><em><a href=\"#top\">[subir]<\/a><\/em><\/strong><\/p>\n<p><a id=\"jaramillo\" name=\"jaramillo\"><\/a><\/p>\n<hr align=\"left\" width=\"700\" \/>\n<p style=\"text-align: left;\" align=\"center\"><strong><a href=\"http:\/\/confederacionhipicadelcaribe.org\/wp-content\/uploads\/2012\/06\/jaramillo.jpg\"><img loading=\"lazy\" decoding=\"async\" class=\"alignleft size-full wp-image-486\" title=\"jaramillo\" src=\"http:\/\/confederacionhipicadelcaribe.org\/wp-content\/uploads\/2012\/06\/jaramillo.jpg\" alt=\"\" width=\"125\" height=\"115\" \/><\/a>Emisael Jaramillo<\/strong> <em>(Venezuela)<\/em><\/p>\n<p style=\"text-align: justify;\">El jinete m\u00e1s dominante del Caribe en la primera d\u00e9cada del siglo XXI tiene nombre y apellido: Emisael Jaramillo.\u00a0 Su debut en\u00a0 eventos caribe\u00f1os ocurri\u00f3 en el a\u00f1o 2000 gradu\u00e1ndose con alto honor al ganar la Copa Confraternidad con High Security y el Cl\u00e1sico del Caribe con My Own Business.\u00a0 En ambas carreras, Jaramillo utiliz\u00f3 el fuete de Juan Vicente Tovar rindi\u00e9ndole tributo al desaparecido astro de las bridas. En el 2002 volvi\u00f3 a conquistar la Copa Confraternidad con el My Own Business convirti\u00e9ndose en el primer y \u00fanico jinete hasta el presente en ganar ambas carreras con el mismo ejemplar.\u00a0 Su cuarta victoria la alcanz\u00f3 en la Copa Velocidad 2005 con Furioso.\u00a0 En el 2007 conquist\u00f3 nuevamente la Copa Velocidad con Fantasy Lady y su tercera Copa Confraternidad a bordo de Gran Estefan\u00eda, convirti\u00e9ndose en el jinete que m\u00e1s veces ha ganado dicho evento.\u00a0 El pasado a\u00f1o, gui\u00f3 al triple coronado Water Jet al triunfo en el Cl\u00e1sico del Caribe y a Soy Leyenda en la Copa Velocidad elevando su total de victorias caribe\u00f1as a ocho,\u00a0 m\u00e1ximo en la historia de los eventos caribe\u00f1os. Otros de los momentos m\u00e1s destacados de Jaramillo fue cuando lleg\u00f3 primero en el \u00abAngel Cordero Jr. Jockey Challenge\u00bb del 2006\u00a0 venciendo a los mejores jinetes de la cuenca caribe\u00f1a.<\/p>\n<p style=\"text-align: right;\"><strong><em><a href=\"#top\">[subir]<\/a><\/em><\/strong><\/p>\n<p><a id=\"fuentes\" name=\"fuentes\"><\/a><\/p>\n<hr align=\"left\" width=\"700\" \/>\n<p style=\"text-align: left;\" align=\"center\"><strong><a href=\"http:\/\/confederacionhipicadelcaribe.org\/wp-content\/uploads\/2012\/06\/fuentes.jpg\"><img loading=\"lazy\" decoding=\"async\" class=\"alignleft size-full wp-image-488\" title=\"fuentes\" src=\"http:\/\/confederacionhipicadelcaribe.org\/wp-content\/uploads\/2012\/06\/fuentes.jpg\" alt=\"\" width=\"105\" height=\"115\" \/><\/a>Alejandro Fuentes Fern\u00e1ndez<\/strong> <em>(Puerto Rico)<\/em><\/p>\n<p style=\"text-align: justify;\">Alejandro Fuentes Fern\u00e1ndez lleva 29 a\u00f1os dedicado al desarrollo del hipismo puertorrique\u00f1o, ocupando varias posiciones de gran relevancia en la industria h\u00edpica.\u00a0 Desde 1998, ha sido delegado de Puerto Rico ante la Confederaci\u00f3n H\u00edpica del Caribe.\u00a0 Fuentes ha sido un incasable colaborador y defensor del Cl\u00e1sico del Caribe\u00a0 present\u00e1ndose ante la Legislatura de Puerto Rico para realizar los cambios en Ley que han resultado en la continuidad de los aportes\u00a0 gubernamentales para la celebraci\u00f3n del Cl\u00e1sico del Caribe. Tambi\u00e9n contribuy\u00f3 a la creaci\u00f3n y reglamentaci\u00f3n del Jockey Challenge en el 2003.\u00a0 En el a\u00f1o 2003, fue nombrado Presidente del Comit\u00e9 Organizador del Cl\u00e1sico del Caribe\u00a0 y su labor fue reconocida por las autoridades h\u00edpicas de su pa\u00eds.\u00a0 Dos a\u00f1os despu\u00e9s, las autoridades h\u00edpicas de la Rep\u00fablica Dominicana le rindieron homenaje por su aporte y constante colaboraci\u00f3n a favor del desarrollo de la h\u00edpica dominicana.\u00a0 Fuentes ocup\u00f3 nuevamente la presidencia del Comit\u00e9 Organizador en el 2008 y junto a su equipo de trabajo recibi\u00f3 el codiciado Premio ASES por ser escogida la Serie H\u00edpica del Caribe el mejor evento deportivo de ese a\u00f1o en Puerto Rico.\u00a0 Su profesionalismo y experiencia lo llev\u00f3 a presidir, por tercera ocasi\u00f3n, el Comit\u00e9 Organizador del Cl\u00e1sico del Caribe en el 2009, algo sin precedente en estos eventos caribe\u00f1os.<\/p>\n<p style=\"text-align: right;\"><strong><em><a href=\"#top\">[subir]<\/a><\/em><\/strong><\/p>\n<p><a id=\"sicotico\" name=\"sicotico\"><\/a><\/p>\n<hr align=\"left\" width=\"700\" \/>\n<p style=\"text-align: left;\" align=\"center\"><a href=\"http:\/\/confederacionhipicadelcaribe.org\/wp-content\/uploads\/2012\/06\/sicotico1.jpg\"><img loading=\"lazy\" decoding=\"async\" class=\"alignleft size-full wp-image-463\" title=\"sicotico\" src=\"http:\/\/confederacionhipicadelcaribe.org\/wp-content\/uploads\/2012\/06\/sicotico1.jpg\" alt=\"\" width=\"144\" height=\"115\" \/><\/a><strong>Sic\u00f3tico<\/strong> <em>(Rep\u00fablica Dominicana)<\/em><\/p>\n<p style=\"text-align: justify;\">La Republica Dominicana es uno de los pa\u00edses pioneros en el Cl\u00e1sico del Caribe.\u00a0 Curiosamente su primer representante en el a\u00f1o 1966 fue Sotico.\u00a0 Este arrib\u00f3 en la octava posici\u00f3n.\u00a0 Fue el comienzo del largo camino hacia la victoria.\u00a0 A\u00f1o tras a\u00f1o, compet\u00edan arribando en posiciones fuera del dinero demostrando un deportismo \u00fanico.\u00a0 Actuaciones como la del Ingeniero R. Limardo, El Terrible Minier, Oliver D y Excelencia, les daba esperanza de ganar el Derby Caribe\u00f1o. El d\u00eda tan esperado lleg\u00f3 en el 2008 cuando un potro triple coronado hijo de Blueformer en Lump of Joy le dio la primera victoria a la Rep\u00fablica Dominicana en el Cl\u00e1sico del Caribe. \u00a0\u00a0Sic\u00f3tico corri\u00f3 para los colores de los Sres. Manfred Codik y Jos\u00e9 Singer, fue entrenado por Eugenio Deschamps y lo mont\u00f3 el estelar Joel Rosario.<\/p>\n<p style=\"text-align: right;\"><strong><em><a href=\"#top\">[subir]<\/a><\/em><\/strong><\/p>\n<p><a id=\"achar\" name=\"achar\"><\/a><\/p>\n<hr align=\"left\" width=\"700\" \/>\n<p><strong><a href=\"http:\/\/confederacionhipicadelcaribe.org\/wp-content\/uploads\/2012\/06\/achar.jpg\"><img loading=\"lazy\" decoding=\"async\" class=\"alignleft size-full wp-image-498\" title=\"achar\" src=\"http:\/\/confederacionhipicadelcaribe.org\/wp-content\/uploads\/2012\/06\/achar.jpg\" alt=\"\" width=\"112\" height=\"115\" \/><\/a>V\u00edctor Achar Tussi\u00e9<\/strong> <em>(M\u00e9xico)<\/em><\/p>\n<p style=\"text-align: justify;\">El mexicano V\u00edctor Achar Tussi\u00e9 cri\u00f3 dos ganadores del Cl\u00e1sico del Caribe.\u00a0 En 1978 logr\u00f3 su primer triunfo con Ezgarta y en 1988 a Don Gabriel.\u00a0 Achar es uno de cuatro criadores mexicanos en producir dos ganadores del Cl\u00e1sico del Caribe y desde hoy es un inmortal del hipismo caribe\u00f1o.<\/p>\n<p style=\"text-align: right;\"><strong><em><a href=\"#top\">[subir]<\/a><\/em><\/strong><\/p>\n<p><a id=\"azar\" name=\"azar\"><\/a><\/p>\n<hr align=\"left\" width=\"700\" \/>\n<p><strong><a href=\"http:\/\/confederacionhipicadelcaribe.org\/wp-content\/uploads\/2012\/06\/azar.jpg\"><img loading=\"lazy\" decoding=\"async\" class=\"alignleft size-full wp-image-489\" title=\"azar\" src=\"http:\/\/confederacionhipicadelcaribe.org\/wp-content\/uploads\/2012\/06\/azar.jpg\" alt=\"\" width=\"176\" height=\"115\" \/><\/a>Dr. Mauricio Azar<\/strong> <em>(Venezuela)<\/em><\/p>\n<p style=\"text-align: justify;\">El Dr. Mauricio Azar, propietario del Haras Gran Derby, cri\u00f3 cuatro ganadores de eventos caribe\u00f1os.\u00a0 Comenz\u00f3 con el siempre recordado campe\u00f3n High Security en la Copa Confraternidad del 2000, luego Gran Abuelo, triunfador del Cl\u00e1sico del Caribe en 2002, \u00a0y dos ganadores de la Copa Velocidad, Furioso en el 2005 y Fantasy Lady en el 2007.<\/p>\n<p style=\"text-align: right;\"><strong><em><a href=\"#top\">[subir]<\/a><\/em><\/strong><\/p>\n<p><a id=\"saiden\" name=\"saiden\"><\/a><\/p>\n<hr align=\"left\" width=\"700\" \/>\n<p><strong><a href=\"http:\/\/confederacionhipicadelcaribe.org\/wp-content\/uploads\/2012\/06\/saiden1.jpg\"><img loading=\"lazy\" decoding=\"async\" class=\"alignleft size-full wp-image-497\" title=\"saiden\" src=\"http:\/\/confederacionhipicadelcaribe.org\/wp-content\/uploads\/2012\/06\/saiden1.jpg\" alt=\"\" width=\"95\" height=\"115\" \/><\/a>Am\u00edn Saiden<\/strong> <em>(Venezuela)<\/em><\/p>\n<p style=\"text-align: justify;\">Otros de los destacados criadores de Venezuela es Am\u00edn Saiden, due\u00f1o del Haras San Isidro.<\/p>\n<p style=\"text-align: justify;\">Un total de cinco ejemplares criados por Saiden, obtuvieron victorias caribe\u00f1as.\u00a0 Gan\u00f3 el Cl\u00e1sico del Caribe en el 2009 y 2010 con Bambera y el triple coronado Water Jet respectivamente, dos veces la Copa Confraternidad con Gran Estefan\u00eda en el 2007 y Taconeo en el 2008 y una vez la Copa Velocidad con King Seraf en el 2008. Todos estos ejemplares son hijos de un padrote que el tambi\u00e9n adquiri\u00f3 para mejorar la raza caballar venezolana, Water Poet.<\/p>\n<p style=\"text-align: right;\"><strong><em><a href=\"#top\">[subir]<\/a><\/em><\/strong><\/p>\n<p><a id=\"tejada\" name=\"tejada\"><\/a><\/p>\n<hr align=\"left\" width=\"700\" \/>\n<p><strong><a href=\"http:\/\/confederacionhipicadelcaribe.org\/wp-content\/uploads\/2012\/06\/tejada.jpg\"><img loading=\"lazy\" decoding=\"async\" class=\"alignleft size-full wp-image-491\" title=\"tejada\" src=\"http:\/\/confederacionhipicadelcaribe.org\/wp-content\/uploads\/2012\/06\/tejada.jpg\" alt=\"\" width=\"114\" height=\"115\" \/><\/a>V\u00edctor Tejada<\/strong> <em>(Panam\u00e1)<\/em><\/p>\n<p style=\"text-align: justify;\">El paname\u00f1o V\u00edctor Tejada, fue el segundo jinete en ganar el Cl\u00e1sico del Caribe en dos ocasiones.\u00a0 Primeramente lo conquist\u00f3 en 1981 con El C\u00f3mico, en una de las llegadas m\u00e1s cerradas en toda la historia de esta prestigiosa carrera, una cabeza de ventaja sobre la boricua Ribot Lady.\u00a0 Cuatro a\u00f1os m\u00e1s tarde, 1985, logr\u00f3 su segundo triunfo, esta vez m\u00e1s f\u00e1cil, con Patilargo.<\/p>\n<p style=\"text-align: right;\"><strong><em><a href=\"#top\">[subir]<\/a><\/em><\/strong><\/p>\n<p><a id=\"razo\" name=\"razo\"><\/a><\/p>\n<hr align=\"left\" width=\"700\" \/>\n<p><strong><a href=\"http:\/\/confederacionhipicadelcaribe.org\/wp-content\/uploads\/2012\/06\/razo.jpg\"><img loading=\"lazy\" decoding=\"async\" class=\"alignleft size-full wp-image-492\" title=\"razo\" src=\"http:\/\/confederacionhipicadelcaribe.org\/wp-content\/uploads\/2012\/06\/razo.jpg\" alt=\"\" width=\"98\" height=\"115\" \/><\/a>Eusebio Razo Beltr\u00e1n<\/strong> <em>(M\u00e9xico)<\/em><\/p>\n<p style=\"text-align: justify;\">El mexicano Eusebio Razo Beltr\u00e1n fue el primer entrenador en ganar el Cl\u00e1sico del Caribe en dos ocasiones.\u00a0 La primer vez fue en 1976 con Voy por Uno, montado por Gustavo M\u00e1rquez y propiedad de la Cuadra Ely.\u00a0 Dos a\u00f1os despu\u00e9s, 1978, Eusebio conquist\u00f3 la prestigiosa carrera con Ezgarta, bajo la conducci\u00f3n de Rub\u00e9n Hern\u00e1ndez.<\/p>\n<p style=\"text-align: right;\"><strong><em><a href=\"#top\">[subir]<\/a><\/em><\/strong><\/p>\n<p><a id=\"soyconquistador\" name=\"soyconquistador\"><\/a><\/p>\n<hr align=\"left\" width=\"700\" \/>\n<p><strong><a href=\"http:\/\/confederacionhipicadelcaribe.org\/wp-content\/uploads\/2012\/06\/soyconquistador.jpg\"><img loading=\"lazy\" decoding=\"async\" class=\"alignleft size-full wp-image-493\" title=\"soyconquistador\" src=\"http:\/\/confederacionhipicadelcaribe.org\/wp-content\/uploads\/2012\/06\/soyconquistador.jpg\" alt=\"\" width=\"172\" height=\"115\" \/><\/a>Soy Conquistador<\/strong> <em>(Puerto Rico)<\/em><\/p>\n<p style=\"text-align: justify;\">En la historia del los eventos caribe\u00f1os, solo tres ejemplares han realizado la dif\u00edcil gesta de ganar el Cl\u00e1sico del Caribe y la Copa Confraternidad: Verset\u00b4s Jet, My Own Business y el m\u00e1s reciente, Soy Conquistador.\u00a0 Hijo de Sweetsouthernsaint en Beth\u00b4s Appeal, fue criado por el fenecido Juan Luna y adquirido por el deportista Eduardo San Miguel.\u00a0 En el a\u00f1o 2007, Soy Conquistador conquist\u00f3 el Cl\u00e1sico del Caribe con la monta de H\u00e9ctor Berrios. Dos a\u00f1os despu\u00e9s, complet\u00f3 la doble corona caribe\u00f1a al triunfar en la Copa Confraternidad con el jinete Ram\u00f3n V\u00e1zquez, hijo.\u00a0 En ambas carreras fue entrenado por M\u00e1ximo G\u00f3mez.<\/p>\n<p style=\"text-align: right;\"><strong><em><a href=\"#top\">[subir]<\/a><\/em><\/strong><\/p>\n<p><a id=\"proudtruth\" name=\"proudtruth\"><\/a><\/p>\n<hr align=\"left\" width=\"700\" \/>\n<p><strong><a href=\"http:\/\/confederacionhipicadelcaribe.org\/wp-content\/uploads\/2012\/06\/proudtruth.jpg\"><img loading=\"lazy\" decoding=\"async\" class=\"alignleft size-full wp-image-496\" title=\"proudtruth\" src=\"http:\/\/confederacionhipicadelcaribe.org\/wp-content\/uploads\/2012\/06\/proudtruth.jpg\" alt=\"\" width=\"143\" height=\"115\" \/><\/a>Proud Truth<\/strong> <em>(Panam\u00e1)<\/em><\/p>\n<p style=\"text-align: justify;\">Hijo de Graustark en Wake Robin, sirvi\u00f3 en el Haras Cerro Punta del inmortal del hipismo caribe\u00f1o, Fernando Eleta, y su esposa Graciela.\u00a0 Proud Truth procre\u00f3 dos ganadores del Cl\u00e1sico del Caribe: el triple coronado Spago, en el 2004, y Ay Papa en el 2006.\u00a0\u00a0 Otro producto de Proud Truth fue Yeka I, ganadora de la Copa Dama del Caribe en el 2008.<\/p>\n<p style=\"text-align: right;\"><strong><em><a href=\"#top\">[subir]<\/a><\/em><\/strong><\/p>\n<p><a id=\"waterpoet\" name=\"waterpoet\"><\/a><\/p>\n<hr align=\"left\" width=\"700\" \/>\n<p><strong><a href=\"http:\/\/confederacionhipicadelcaribe.org\/wp-content\/uploads\/2012\/06\/waterpoet.jpg\"><img loading=\"lazy\" decoding=\"async\" class=\"alignleft size-full wp-image-494\" title=\"waterpoet\" src=\"http:\/\/confederacionhipicadelcaribe.org\/wp-content\/uploads\/2012\/06\/waterpoet.jpg\" alt=\"\" width=\"153\" height=\"115\" \/><\/a>Water Poet<\/strong> <em>(Venezuela)<\/em><\/p>\n<p style=\"text-align: justify;\">El irland\u00e9s Water Poet, hijo de Sadlers Wells en Love Smitten es el semental con mas ganadores en eventos caribe\u00f1os, cinco.\u00a0 Propiedad de Am\u00edn Saiden, es padre de dos triunfadores del Cl\u00e1sico del Caribe, Bambera en el 2009 y el triple coronado Water Jet en el 2010; dos ganadores de la Copa Confraternidad, Gran Estefan\u00eda en el 2007 y Taconeo en el 2008; y el ganador de la Copa Velocidad de 2008, King Seraf.<\/p>\n<p style=\"text-align: right;\"><strong><em><a href=\"#top\">[subir]<\/a><\/em><\/strong><\/p>\n<p>\u00a0<\/p>\n<p style=\"text-align: center;\"><strong>&#8211; EXALTADOS 2018 &#8211;<\/strong><\/p>\n<hr \/>\n<p><strong>Irad Ortiz Jr. <\/strong>(Puerto Rico)<\/p>\n<p><iframe loading=\"lazy\" title=\"Sal\u00f3n de la Fama del Cl\u00e1sico del Caribe 2018 - Irad Ortiz Jr.\" width=\"584\" height=\"329\" src=\"https:\/\/www.youtube.com\/embed\/h9aEJo4PHCY?feature=oembed\" frameborder=\"0\" allow=\"accelerometer; autoplay; clipboard-write; encrypted-media; gyroscope; picture-in-picture; web-share\" referrerpolicy=\"strict-origin-when-cross-origin\" allowfullscreen><\/iframe><\/p>\n<p style=\"text-align: right;\"><strong><em><a href=\"#top\">[subir]<\/a><\/em><\/strong><\/p>\n<hr \/>\n<p><strong>Julio Henrique Ayala Coronil <\/strong>(Venezuela)<\/p>\n<p><iframe loading=\"lazy\" title=\"Sal\u00f3n de la Fama del Cl\u00e1sico del Caribe 2018 - Julio Henrique Ayala Coronil\" width=\"584\" height=\"329\" src=\"https:\/\/www.youtube.com\/embed\/hAVjJEkYYH4?feature=oembed\" frameborder=\"0\" allow=\"accelerometer; autoplay; clipboard-write; encrypted-media; gyroscope; picture-in-picture; web-share\" referrerpolicy=\"strict-origin-when-cross-origin\" allowfullscreen><\/iframe><\/p>\n<p>\u00a0<\/p>\n<p style=\"text-align: right;\"><strong><em><a href=\"#top\">[subir]<\/a><\/em><\/strong><\/p>\n<hr \/>\n<p><strong>Rafael Matos Ortiz <\/strong>(Puerto Rico)<\/p>\n<p><iframe loading=\"lazy\" title=\"Sal\u00f3n de la Fama del Cl\u00e1sico del Caribe 2018 - Rafael Matos Ortiz\" width=\"584\" height=\"329\" src=\"https:\/\/www.youtube.com\/embed\/_uMKP92hDvM?feature=oembed\" frameborder=\"0\" allow=\"accelerometer; autoplay; clipboard-write; encrypted-media; gyroscope; picture-in-picture; web-share\" referrerpolicy=\"strict-origin-when-cross-origin\" allowfullscreen><\/iframe><\/p>\n<p style=\"text-align: right;\"><strong><em><a href=\"#top\">[subir]<\/a><\/em><\/strong><\/p>\n<hr \/>\n<p><strong>Claudio \u00c1lvarez Ruiz y Lu\u00eds Gerardo Ruiz<\/strong>\u00a0(M\u00e9xico)<\/p>\n<p><iframe loading=\"lazy\" title=\"Sal\u00f3n de la Fama del Cl\u00e1sico del Caribe 2018 - Luis Gerardo Ruiz Toledo y Claudio \u00c1lvarez Roiz\" width=\"584\" height=\"329\" src=\"https:\/\/www.youtube.com\/embed\/HU9f57ZLGYA?feature=oembed\" frameborder=\"0\" allow=\"accelerometer; autoplay; clipboard-write; encrypted-media; gyroscope; picture-in-picture; web-share\" referrerpolicy=\"strict-origin-when-cross-origin\" allowfullscreen><\/iframe><\/p>\n<p style=\"text-align: right;\"><strong><em><a href=\"#top\">[subir]<\/a><\/em><\/strong><\/p>\n<hr \/>\n<p><strong>Concerto <\/strong>(Panam\u00e1)<\/p>\n<p><iframe loading=\"lazy\" title=\"Sal\u00f3n de la Fama del Cl\u00e1sico del Caribe 2018 - Concerto\" width=\"584\" height=\"329\" src=\"https:\/\/www.youtube.com\/embed\/HN9nFZjhwLw?feature=oembed\" frameborder=\"0\" allow=\"accelerometer; autoplay; clipboard-write; encrypted-media; gyroscope; picture-in-picture; web-share\" referrerpolicy=\"strict-origin-when-cross-origin\" allowfullscreen><\/iframe><\/p>\n<p style=\"text-align: right;\"><strong><em><a href=\"#top\">[subir]<\/a><\/em><\/strong><\/p>\n<p><strong>Germ\u00e1n Larrea<\/strong> (M\u00e9xico)<\/p>\n<p><iframe loading=\"lazy\" title=\"Sal\u00f3n de la Fama del Cl\u00e1sico del Caribe 2018 - Germa\u0301n Larrea Mota\" width=\"584\" height=\"329\" src=\"https:\/\/www.youtube.com\/embed\/zMYFxf1Ca7k?feature=oembed\" frameborder=\"0\" allow=\"accelerometer; autoplay; clipboard-write; encrypted-media; gyroscope; picture-in-picture; web-share\" referrerpolicy=\"strict-origin-when-cross-origin\" allowfullscreen><\/iframe><\/p>\n<p style=\"text-align: right;\"><strong><em><a href=\"#top\">[subir]<\/a><\/em><\/strong><\/p>\n<hr \/>\n<p><strong>Salustio <\/strong>(Panam\u00e1)<\/p>\n<p><iframe loading=\"lazy\" title=\"Sal\u00f3n de la Fama del Cl\u00e1sico del Caribe 2018 - Salustio\" width=\"584\" height=\"329\" src=\"https:\/\/www.youtube.com\/embed\/1yuP_EU5hmU?feature=oembed\" frameborder=\"0\" allow=\"accelerometer; autoplay; clipboard-write; encrypted-media; gyroscope; picture-in-picture; web-share\" referrerpolicy=\"strict-origin-when-cross-origin\" allowfullscreen><\/iframe><\/p>\n<p style=\"text-align: right;\"><strong><em><a href=\"#top\">[subir]<\/a><\/em><\/strong><\/p>\n<hr \/>\n<p><strong>Water Jet <\/strong>(Venezuela)<\/p>\n\n\n<figure class=\"wp-block-embed is-type-video is-provider-youtube wp-block-embed-youtube wp-embed-aspect-16-9 wp-has-aspect-ratio\"><div class=\"wp-block-embed__wrapper\">\n<iframe loading=\"lazy\" title=\"Sal\u00f3n de la Fama del Cl\u00e1sico del Caribe 2018 - Water Jet\" width=\"584\" height=\"329\" src=\"https:\/\/www.youtube.com\/embed\/QEC4AM9yGxQ?feature=oembed\" frameborder=\"0\" allow=\"accelerometer; autoplay; clipboard-write; encrypted-media; gyroscope; picture-in-picture; web-share\" referrerpolicy=\"strict-origin-when-cross-origin\" allowfullscreen><\/iframe>\n<\/div><\/figure>\n\n\n\n<p class=\"has-text-align-right\"><strong><em><a href=\"#top\">[subir]<\/a><\/em><\/strong><\/p>\n\n\n\n<p class=\"has-text-align-center\"><strong>&#8211;&nbsp;EXALTADOS 2022 &#8211;<\/strong><\/p>\n\n\n\n<hr class=\"wp-block-separator has-alpha-channel-opacity\"\/>\n\n\n\n<p><strong>MAR\u00cdA ESPERANZA TORREALBA DE MIGLIETTI <\/strong>(Venezuela)<\/p>\n\n\n\n<p>Exitosa propietaria y criadora de Venezuela que con su Haras Monumental produjo extraordinarios corredores, incluyendo a Mon Coquette, ganadora de la Copa Confraternidad de Hembras en 1990, as\u00ed como tambi\u00e9n otros destacados purasangres que dieron brillantez al deporte h\u00edpico de su pa\u00eds y el Caribe.<\/p>\n\n\n\n<figure class=\"wp-block-embed is-type-video is-provider-youtube wp-block-embed-youtube wp-embed-aspect-16-9 wp-has-aspect-ratio\"><div class=\"wp-block-embed__wrapper\">\n<iframe loading=\"lazy\" title=\"Sal\u00f3n de la Fama del Cl\u00e1sico Del Caribe 2022 - Mar\u00eda Esperanza Torrealba de Miglietti\" width=\"584\" height=\"329\" src=\"https:\/\/www.youtube.com\/embed\/z0RN8Px2uY0?feature=oembed\" frameborder=\"0\" allow=\"accelerometer; autoplay; clipboard-write; encrypted-media; gyroscope; picture-in-picture; web-share\" referrerpolicy=\"strict-origin-when-cross-origin\" allowfullscreen><\/iframe>\n<\/div><\/figure>\n\n\n\n<p><strong><em><a href=\"#top\">[subir]<\/a><\/em><\/strong><\/p>\n\n\n\n<hr class=\"wp-block-separator has-alpha-channel-opacity\"\/>\n\n\n\n<p><strong>AUGUSTO SAMUEL BOYD PAREDES <\/strong>(Panam\u00e1)<\/p>\n\n\n\n<p>Reciba este reconocimiento por sus grandes aportaciones al depote h\u00edpico caribe\u00f1o como delegado de Panam\u00e1 ante la Confederaci\u00f3n H\u00edpica Del Caribe. Adem\u00e1s como destacado criador y propietario con una estupenda victoria lograda por su potranca Portantina en la Copa Dama Del Caribe de 2011 en el Hip\u00f3dromo Presidente Rem\u00f3n.<\/p>\n\n\n\n<figure class=\"wp-block-embed is-type-video is-provider-youtube wp-block-embed-youtube wp-embed-aspect-16-9 wp-has-aspect-ratio\"><div class=\"wp-block-embed__wrapper\">\n<iframe loading=\"lazy\" title=\"Sal\u00f3n de la Fama del Cl\u00e1sico del Caribe 2022 - Augusto Samuel Boyd Paredes\" width=\"584\" height=\"329\" src=\"https:\/\/www.youtube.com\/embed\/9mlG-6gHark?feature=oembed\" frameborder=\"0\" allow=\"accelerometer; autoplay; clipboard-write; encrypted-media; gyroscope; picture-in-picture; web-share\" referrerpolicy=\"strict-origin-when-cross-origin\" allowfullscreen><\/iframe>\n<\/div><\/figure>\n\n\n\n<p><strong><em><a href=\"#top\">[subir]<\/a><\/em><\/strong><\/p>\n\n\n\n<hr class=\"wp-block-separator has-alpha-channel-opacity\"\/>\n\n\n\n<p><strong>JOEL ROSARIO (Rep\u00fablica Dominicana)<\/strong><\/p>\n\n\n\n<p>Destacado jinete con grandes \u00e9xitos a nivel internacional, incluyendo el Cl\u00e1sico Del Caribe de 2008, sobre el ejemplar Sic\u00f3tico, brind\u00e1ndole a su natal Rep\u00fablica Dominicana su primer triunfo en el magno evento h\u00edpico.&nbsp;<\/p>\n\n\n\n<figure class=\"wp-block-embed is-type-video is-provider-youtube wp-block-embed-youtube wp-embed-aspect-16-9 wp-has-aspect-ratio\"><div class=\"wp-block-embed__wrapper\">\n<iframe loading=\"lazy\" title=\"Sal\u00f3n de la Fama del Cl\u00e1sico Del Caribe 2022 - Joel Rosario\" width=\"584\" height=\"329\" src=\"https:\/\/www.youtube.com\/embed\/q7TqmQIMEAQ?feature=oembed\" frameborder=\"0\" allow=\"accelerometer; autoplay; clipboard-write; encrypted-media; gyroscope; picture-in-picture; web-share\" referrerpolicy=\"strict-origin-when-cross-origin\" allowfullscreen><\/iframe>\n<\/div><\/figure>\n\n\n\n<p><strong><em><a href=\"#top\">[subir]<\/a><\/em><\/strong><\/p>\n\n\n\n<hr class=\"wp-block-separator has-alpha-channel-opacity\"\/>\n\n\n\n<p><strong>GASPAR RIVERA TORRES<\/strong> (M\u00e9xico)<\/p>\n\n\n\n<p>La Confederaci\u00f3n H\u00edpica Del Caribe reconoce a una de las m\u00e1s importantes figuras del hipismo en M\u00e9xico y el Caribe. Destacado criador y propietario de excelentes corredores incluyendo a Lococh\u00f3n, ganador del Cl\u00e1sico Del Caribe de 1995 y Walking Proud, ganador de la Copa Velocidad de 2006.<\/p>\n\n\n\n<figure class=\"wp-block-embed is-type-video is-provider-youtube wp-block-embed-youtube wp-embed-aspect-16-9 wp-has-aspect-ratio\"><div class=\"wp-block-embed__wrapper\">\n<iframe loading=\"lazy\" title=\"Sal\u00f3n de la Fama del Cl\u00e1sico Del Caribe 2022 - Gaspar Rivera Torres\" width=\"584\" height=\"329\" src=\"https:\/\/www.youtube.com\/embed\/IGy3S105qds?feature=oembed\" frameborder=\"0\" allow=\"accelerometer; autoplay; clipboard-write; encrypted-media; gyroscope; picture-in-picture; web-share\" referrerpolicy=\"strict-origin-when-cross-origin\" allowfullscreen><\/iframe>\n<\/div><\/figure>\n\n\n\n<p><strong><em><a href=\"#top\">[subir]<\/a><\/em><\/strong><\/p>\n\n\n\n<hr class=\"wp-block-separator has-alpha-channel-opacity\"\/>\n\n\n\n<p><strong>ARQUITECTO <\/strong>(Puerto Rico)<\/p>\n\n\n\n<p>Ganador de la Triple Corona en 2012 y la Copa Confraternidad en su pa\u00eds en 2016 entre varias figuraciones en eventos de la Serie H\u00edpica Del Caribe, le hacen merecedor de ser inmortal del Hipismo Caribe\u00f1o.<\/p>\n\n\n\n<figure class=\"wp-block-embed is-type-video is-provider-youtube wp-block-embed-youtube wp-embed-aspect-16-9 wp-has-aspect-ratio\"><div class=\"wp-block-embed__wrapper\">\n<iframe loading=\"lazy\" title=\"Sal\u00f3n de la Fama del Cl\u00e1sico del Caribe 2022 - Arquitecto\" width=\"584\" height=\"329\" src=\"https:\/\/www.youtube.com\/embed\/3ximcrIKvJ0?feature=oembed\" frameborder=\"0\" allow=\"accelerometer; autoplay; clipboard-write; encrypted-media; gyroscope; picture-in-picture; web-share\" referrerpolicy=\"strict-origin-when-cross-origin\" allowfullscreen><\/iframe>\n<\/div><\/figure>\n\n\n\n<p><strong><em><a href=\"#top\">[subir]<\/a><\/em><\/strong><\/p>\n\n\n\n<hr class=\"wp-block-separator has-alpha-channel-opacity\"\/>\n\n\n\n<p><strong>SE\u00d1ORITA (<\/strong>Ecuador)<\/p>\n\n\n\n<p>Excelente corredora ganadora de la Triple Corona en Ecuador, al que represent\u00f3 en el Cl\u00e1sico Del Caribe de 1998. Le brind\u00f3 a su pa\u00eds su primera victoria en eventos de la Serie H\u00edpica Del Caribe, al ganar la Copa Confraternidad de 1999 en el Hip\u00f3dromo Presidente Rem\u00f3n, de Panam\u00e1.<\/p>\n\n\n\n<figure class=\"wp-block-embed is-type-video is-provider-youtube wp-block-embed-youtube wp-embed-aspect-16-9 wp-has-aspect-ratio\"><div class=\"wp-block-embed__wrapper\">\n<iframe loading=\"lazy\" title=\"Sal\u00f3n de la Fama del Cl\u00e1sico Del Caribe 2022 - Se\u00f1orita\" width=\"584\" height=\"329\" src=\"https:\/\/www.youtube.com\/embed\/rCaGyj8SmFg?feature=oembed\" frameborder=\"0\" allow=\"accelerometer; autoplay; clipboard-write; encrypted-media; gyroscope; picture-in-picture; web-share\" referrerpolicy=\"strict-origin-when-cross-origin\" allowfullscreen><\/iframe>\n<\/div><\/figure>\n\n\n\n<p><strong><em><a href=\"#top\">[subir]<\/a><\/em><\/strong><\/p>\n\n\n\n<hr class=\"wp-block-separator has-alpha-channel-opacity\"\/>\n\n\n\n<p><strong>POINT DETERMINED <\/strong>(M\u00e9xico)<\/p>\n\n\n\n<p id=\"block-5215a010-1363-47ae-aeec-33852901d5fa\">Las victorias de sus productos Jala Jala y Kukulk\u00e1n tanto en el Cl\u00e1sico Del Caribe como en la Copa Confraternidad entre 2017 a 2019 en el hip\u00f3dromo Gulfstream Park, de Hallandale Beach, en Florida; le hacen merecedor de ser inmortal del Hipismo Caribe\u00f1o<\/p>\n\n\n\n<figure class=\"wp-block-embed is-type-video is-provider-youtube wp-block-embed-youtube wp-embed-aspect-16-9 wp-has-aspect-ratio\"><div class=\"wp-block-embed__wrapper\">\n<iframe loading=\"lazy\" title=\"Sal\u00f3n de la Fama del Cl\u00e1sico Del Caribe 2022 - Point Determined\" width=\"584\" height=\"329\" src=\"https:\/\/www.youtube.com\/embed\/83m4lJi5ebs?feature=oembed\" frameborder=\"0\" allow=\"accelerometer; autoplay; clipboard-write; encrypted-media; gyroscope; picture-in-picture; web-share\" referrerpolicy=\"strict-origin-when-cross-origin\" allowfullscreen><\/iframe>\n<\/div><\/figure>\n\n\n\n<p id=\"block-ecee2414-86f4-4f9c-90fe-f67a48c285c7\"><strong><em><a href=\"#top\">[subir]<\/a><\/em><\/strong><\/p>\n","protected":false},"excerpt":{"rendered":"<p>\u00a0 MIEMBROS DEL SAL\u00d3N DE LA FAMADE LA CONFEDERACI\u00d3N H\u00cdPICA DEL CARIBE Explicaci\u00f3n del significado, las categor\u00edas: Due\u00f1os, Jinetes, Entrenadores, Criadores, Propulsores\u00a0y Ejemplares. En las categor\u00edas antes mencionadas, todos\u00a0los nominados tienen que haber tenido una destacada actuaci\u00f3n en los eventos &hellip; <a href=\"https:\/\/confederacionhipicadelcaribe.org\/?page_id=2\">Sigue leyendo <span class=\"meta-nav\">&rarr;<\/span><\/a><\/p>\n","protected":false},"author":1,"featured_media":0,"parent":0,"menu_order":0,"comment_status":"closed","ping_status":"closed","template":"","meta":{"footnotes":""},"class_list":["post-2","page","type-page","status-publish","hentry"],"_links":{"self":[{"href":"https:\/\/confederacionhipicadelcaribe.org\/index.php?rest_route=\/wp\/v2\/pages\/2","targetHints":{"allow":["GET"]}}],"collection":[{"href":"https:\/\/confederacionhipicadelcaribe.org\/index.php?rest_route=\/wp\/v2\/pages"}],"about":[{"href":"https:\/\/confederacionhipicadelcaribe.org\/index.php?rest_route=\/wp\/v2\/types\/page"}],"author":[{"embeddable":true,"href":"https:\/\/confederacionhipicadelcaribe.org\/index.php?rest_route=\/wp\/v2\/users\/1"}],"replies":[{"embeddable":true,"href":"https:\/\/confederacionhipicadelcaribe.org\/index.php?rest_route=%2Fwp%2Fv2%2Fcomments&post=2"}],"version-history":[{"count":91,"href":"https:\/\/confederacionhipicadelcaribe.org\/index.php?rest_route=\/wp\/v2\/pages\/2\/revisions"}],"predecessor-version":[{"id":2470,"href":"https:\/\/confederacionhipicadelcaribe.org\/index.php?rest_route=\/wp\/v2\/pages\/2\/revisions\/2470"}],"wp:attachment":[{"href":"https:\/\/confederacionhipicadelcaribe.org\/index.php?rest_route=%2Fwp%2Fv2%2Fmedia&parent=2"}],"curies":[{"name":"wp","href":"https:\/\/api.w.org\/{rel}","templated":true}]}}