{"id":91,"date":"2012-06-19T03:07:43","date_gmt":"2012-06-19T03:07:43","guid":{"rendered":"http:\/\/confederacionhipicadelcaribe.org\/?page_id=91"},"modified":"2025-12-13T15:42:52","modified_gmt":"2025-12-13T15:42:52","slug":"publicaciones","status":"publish","type":"page","link":"https:\/\/confederacionhipicadelcaribe.org\/?page_id=91","title":{"rendered":"|   Publicaciones   |"},"content":{"rendered":"\n<div class=\"wp-block-columns is-layout-flex wp-container-core-columns-is-layout-9d6595d7 wp-block-columns-is-layout-flex\">\n<div class=\"wp-block-column is-layout-flow wp-block-column-is-layout-flow\" style=\"flex-basis:100%\">\n<p><a href=\"http:\/\/confederacionhipicadelcaribe.org\/wp-content\/uploads\/2023\/05\/librocaribe1.jpg\"><img loading=\"lazy\" decoding=\"async\" class=\"alignnone size-medium wp-image-2109\" src=\"http:\/\/confederacionhipicadelcaribe.org\/wp-content\/uploads\/2023\/05\/librocaribe1-234x300.jpg\" alt=\"\" width=\"234\" height=\"300\" srcset=\"https:\/\/confederacionhipicadelcaribe.org\/wp-content\/uploads\/2023\/05\/librocaribe1-234x300.jpg 234w, https:\/\/confederacionhipicadelcaribe.org\/wp-content\/uploads\/2023\/05\/librocaribe1.jpg 347w\" sizes=\"auto, (max-width: 234px) 100vw, 234px\" \/><\/a><\/p>\n<p style=\"text-align: left;\"><strong><em>Historia Cl\u00e1sico del Caribe, 1966-2008 (<a href=\"https:\/\/hipismo.net\/wp-content\/uploads\/2023\/05\/HISTORIA-CLASICO-DEL-CARIBE-1966-al-2008.pdf\" target=\"_blank\" rel=\"noreferrer noopener\">Edici\u00f3n digital<\/a>)<\/em><\/strong><br \/><em>Jorge Col\u00f3n Delgado<\/em><br \/><em> Nomos Impresores<\/em><br \/><em> Colombia, 2009<\/em><\/p>\n\n\n\n<figure class=\"wp-block-image size-full is-resized\"><a href=\"http:\/\/confederacionhipicadelcaribe.org\/wp-content\/uploads\/2023\/05\/libro_feijoo-1.jpg\"><img loading=\"lazy\" decoding=\"async\" width=\"271\" height=\"367\" src=\"http:\/\/confederacionhipicadelcaribe.org\/wp-content\/uploads\/2023\/05\/libro_feijoo-1.jpg\" alt=\"\" class=\"wp-image-2122\" style=\"width:241px;height:328px\" srcset=\"https:\/\/confederacionhipicadelcaribe.org\/wp-content\/uploads\/2023\/05\/libro_feijoo-1.jpg 271w, https:\/\/confederacionhipicadelcaribe.org\/wp-content\/uploads\/2023\/05\/libro_feijoo-1-222x300.jpg 222w\" sizes=\"auto, (max-width: 271px) 100vw, 271px\" \/><\/a><\/figure>\n<\/div>\n<\/div>\n\n\n\n<p><strong><em>Historia de la Serie H\u00edpica del Caribe, 2009-2019<\/em><\/strong> (<a rel=\"noreferrer noopener\" href=\"https:\/\/hipismo.net\/HSHC20092019.pdf\" target=\"_blank\"><strong>Edici\u00f3n digital<\/strong><\/a>)<br><em>J<\/em>uan Carlos Feijo\u00f3 Gonz\u00e1lez<br>Deko &amp; Dise\u00f1os S.A.S.<br><em>Colombia, 20<\/em>21<\/p>\n\n\n\n<figure class=\"wp-block-image size-large is-resized\"><a href=\"https:\/\/confederacionhipicadelcaribe.org\/wp-content\/uploads\/2025\/12\/libro-ecuador-1.jpg\"><img loading=\"lazy\" decoding=\"async\" width=\"765\" height=\"1024\" src=\"https:\/\/confederacionhipicadelcaribe.org\/wp-content\/uploads\/2025\/12\/libro-ecuador-1-765x1024.jpg\" alt=\"\" class=\"wp-image-2680\" style=\"width:242px;height:auto\" srcset=\"https:\/\/confederacionhipicadelcaribe.org\/wp-content\/uploads\/2025\/12\/libro-ecuador-1-765x1024.jpg 765w, https:\/\/confederacionhipicadelcaribe.org\/wp-content\/uploads\/2025\/12\/libro-ecuador-1-224x300.jpg 224w, https:\/\/confederacionhipicadelcaribe.org\/wp-content\/uploads\/2025\/12\/libro-ecuador-1-768x1028.jpg 768w, https:\/\/confederacionhipicadelcaribe.org\/wp-content\/uploads\/2025\/12\/libro-ecuador-1-1147x1536.jpg 1147w, https:\/\/confederacionhipicadelcaribe.org\/wp-content\/uploads\/2025\/12\/libro-ecuador-1-1530x2048.jpg 1530w, https:\/\/confederacionhipicadelcaribe.org\/wp-content\/uploads\/2025\/12\/libro-ecuador-1.jpg 1668w\" sizes=\"auto, (max-width: 765px) 100vw, 765px\" \/><\/a><\/figure>\n\n\n\n<p><strong><em><strong><em>Libro de Oro del Turf Ecuatoriano (Tomo I) <\/em><\/strong><\/em><\/strong> (<a href=\"https:\/\/hipismo.net\/wp-content\/uploads\/2025\/12\/LIBRO-HIPICO-I-low.pdf\" target=\"_blank\" rel=\"noreferrer noopener\"><strong>Edici\u00f3n digital<\/strong><\/a>)<br>Silvio Devoto Passano &#8211; Xavier Mu\u00f1oz Avil\u00e9s . Nino Cassanello Panchana<br>Artes Gr\u00e1ficas AMB<br><em>Ecuador, 20<\/em>25<\/p>\n\n\n\n<figure class=\"wp-block-image size-large is-resized\"><a href=\"http:\/\/confederacionhipicadelcaribe.org\/wp-content\/uploads\/2025\/12\/libro-ecuador-2.jpg\"><img loading=\"lazy\" decoding=\"async\" width=\"765\" height=\"1024\" src=\"http:\/\/confederacionhipicadelcaribe.org\/wp-content\/uploads\/2025\/12\/libro-ecuador-2-765x1024.jpg\" alt=\"\" class=\"wp-image-2684\" style=\"width:238px;height:auto\" srcset=\"https:\/\/confederacionhipicadelcaribe.org\/wp-content\/uploads\/2025\/12\/libro-ecuador-2-765x1024.jpg 765w, https:\/\/confederacionhipicadelcaribe.org\/wp-content\/uploads\/2025\/12\/libro-ecuador-2-224x300.jpg 224w, https:\/\/confederacionhipicadelcaribe.org\/wp-content\/uploads\/2025\/12\/libro-ecuador-2-768x1028.jpg 768w, https:\/\/confederacionhipicadelcaribe.org\/wp-content\/uploads\/2025\/12\/libro-ecuador-2-1148x1536.jpg 1148w, https:\/\/confederacionhipicadelcaribe.org\/wp-content\/uploads\/2025\/12\/libro-ecuador-2-1530x2048.jpg 1530w, https:\/\/confederacionhipicadelcaribe.org\/wp-content\/uploads\/2025\/12\/libro-ecuador-2.jpg 1668w\" sizes=\"auto, (max-width: 765px) 100vw, 765px\" \/><\/a><\/figure>\n\n\n\n<p><strong><em>Libro de Oro del Turf Ecuatoriano (Tomo II) <\/em><\/strong> (<a href=\"https:\/\/hipismo.net\/wp-content\/uploads\/2025\/12\/LIBRO-HIPICO-II-low.pdf\" target=\"_blank\" rel=\"noreferrer noopener\"><strong>Edici\u00f3n digital<\/strong><\/a>)<br>Silvio Devoto Passano &#8211; Xavier Mu\u00f1oz Avil\u00e9s . Nino Cassanello Panchana<br>Artes Gr\u00e1ficas AMB<br><em>Ecuador, 20<\/em>25<\/p>\n\n\n\n<p><\/p>\n","protected":false},"excerpt":{"rendered":"<p>Historia Cl\u00e1sico del Caribe, 1966-2008 (Edici\u00f3n digital)Jorge Col\u00f3n Delgado Nomos Impresores Colombia, 2009 Historia de la Serie H\u00edpica del Caribe, 2009-2019 (Edici\u00f3n digital)Juan Carlos Feijo\u00f3 Gonz\u00e1lezDeko &amp; Dise\u00f1os S.A.S.Colombia, 2021 Libro de Oro del Turf Ecuatoriano (Tomo I) (Edici\u00f3n digital)Silvio &hellip; <a href=\"https:\/\/confederacionhipicadelcaribe.org\/?page_id=91\">Sigue leyendo <span class=\"meta-nav\">&rarr;<\/span><\/a><\/p>\n","protected":false},"author":1,"featured_media":0,"parent":0,"menu_order":0,"comment_status":"closed","ping_status":"closed","template":"","meta":{"footnotes":""},"class_list":["post-91","page","type-page","status-publish","hentry"],"_links":{"self":[{"href":"https:\/\/confederacionhipicadelcaribe.org\/index.php?rest_route=\/wp\/v2\/pages\/91","targetHints":{"allow":["GET"]}}],"collection":[{"href":"https:\/\/confederacionhipicadelcaribe.org\/index.php?rest_route=\/wp\/v2\/pages"}],"about":[{"href":"https:\/\/confederacionhipicadelcaribe.org\/index.php?rest_route=\/wp\/v2\/types\/page"}],"author":[{"embeddable":true,"href":"https:\/\/confederacionhipicadelcaribe.org\/index.php?rest_route=\/wp\/v2\/users\/1"}],"replies":[{"embeddable":true,"href":"https:\/\/confederacionhipicadelcaribe.org\/index.php?rest_route=%2Fwp%2Fv2%2Fcomments&post=91"}],"version-history":[{"count":32,"href":"https:\/\/confederacionhipicadelcaribe.org\/index.php?rest_route=\/wp\/v2\/pages\/91\/revisions"}],"predecessor-version":[{"id":2687,"href":"https:\/\/confederacionhipicadelcaribe.org\/index.php?rest_route=\/wp\/v2\/pages\/91\/revisions\/2687"}],"wp:attachment":[{"href":"https:\/\/confederacionhipicadelcaribe.org\/index.php?rest_route=%2Fwp%2Fv2%2Fmedia&parent=91"}],"curies":[{"name":"wp","href":"https:\/\/api.w.org\/{rel}","templated":true}]}}